{"id":1339,"date":"2025-04-19T16:10:00","date_gmt":"2025-04-19T14:10:00","guid":{"rendered":"https:\/\/arquivigo.com\/?post_type=avada_portfolio&#038;p=1339"},"modified":"2025-04-19T16:17:27","modified_gmt":"2025-04-19T14:17:27","slug":"concominio-9-viviendas-unifamiliares-gran-via","status":"publish","type":"avada_portfolio","link":"https:\/\/arquivigo.com\/index.php\/portfolio-items\/concominio-9-viviendas-unifamiliares-gran-via\/","title":{"rendered":"CONDOMINIO 9 VIVIENDAS UNIFAMILIARES GRAN V\u00cdA"},"content":{"rendered":"<div class=\"fusion-fullwidth fullwidth-box fusion-builder-row-1 fusion-flex-container nonhundred-percent-fullwidth non-hundred-percent-height-scrolling\" style=\"background-color: #20232c;background-image:linear-gradient(180deg, #20232c 70%,rgba(137,137,137,0.57) 100%);background-position: left top;background-repeat: no-repeat;border-width: 0px 0px 0px 0px;border-color:rgba(255,255,255,0);border-style:solid;\" ><div class=\"fusion-builder-row fusion-row fusion-flex-align-items-stretch\" style=\"max-width:calc( 1170px + 0px );margin-left: calc(-0px \/ 2 );margin-right: calc(-0px \/ 2 );\"><div class=\"fusion-layout-column fusion_builder_column fusion-builder-column-0 fusion_builder_column_1_2 1_2 fusion-flex-column\"><div class=\"fusion-column-wrapper fusion-flex-justify-content-flex-start fusion-content-layout-column\" style=\"background-position:left top;background-repeat:no-repeat;-webkit-background-size:cover;-moz-background-size:cover;-o-background-size:cover;background-size:cover;padding: 0px 0px 0px 0px;\"><style type=\"text\/css\">@media only screen and (max-width:800px) {.fusion-title.fusion-title-1{margin-top:0px!important;margin-bottom:20px!important;}}<\/style><div class=\"fusion-title title fusion-title-1 fusion-title-text fusion-title-size-two\" style=\"margin-top:0px;margin-bottom:20px;\"><div class=\"title-sep-container title-sep-container-left fusion-no-large-visibility fusion-no-medium-visibility fusion-no-small-visibility\"><div class=\"title-sep sep-\" style=\"border-color:#2a2e38;\"><\/div><\/div><h2 class=\"title-heading-left\" style=\"margin:0;\">8 Viviendas Unifamiliares Pareadas y 1 Aislada<\/h2><div class=\"title-sep-container title-sep-container-right\"><div class=\"title-sep sep-\" style=\"border-color:#2a2e38;\"><\/div><\/div><\/div><div class=\"fusion-text fusion-text-1\"><p><strong>PROMOTOR<\/strong>\u00a0 \u00a0 \u00a0 \u00a0 \u00a0 \u00a0 \u00a0 \u00a0 \u00a0Particular<\/p>\n<p><strong>FECHA<\/strong>\u00a0 \u00a0 \u00a0 \u00a0 \u00a0 \u00a0 \u00a0 \u00a0 \u00a0 \u00a0 \u00a0 \u00a0 \u00a0 \u00a0 2025 &#8211; 2026<\/p>\n<p><strong>PRESUPUESTO<\/strong>\u00a0 \u00a0 \u00a0 \u00a0 \u00a0 5.000.000 &#8211; 6.000.000 \u20ac<\/p>\n<p><strong>SITUACI\u00d3N<\/strong>\u00a0 \u00a0 \u00a0 \u00a0 \u00a0 \u00a0 \u00a0 \u00a0 \u00a0 R\u00daA DAS LILAS, VIGO (PO)<\/p>\n<\/div><div class=\"fusion-text fusion-text-2\"><p class=\"\" data-start=\"353\" data-end=\"423\"><strong data-start=\"353\" data-end=\"423\">Control de obra en condominio de viviendas unifamiliares en Vigo<\/strong><\/p>\n<p class=\"\" data-start=\"425\" data-end=\"753\">Proyecto residencial compuesto por <strong data-start=\"460\" data-end=\"515\">ocho viviendas unifamiliares pareadas y una aislada<\/strong>, ubicado en Vigo. El conjunto cuenta con un <strong data-start=\"560\" data-end=\"576\">s\u00f3tano com\u00fan<\/strong> destinado a <strong data-start=\"589\" data-end=\"624\">garajes, trasteros y lavander\u00eda<\/strong>, mientras que las viviendas se desarrollan sobre rasante, con distribuci\u00f3n diferenciada para la <strong data-start=\"721\" data-end=\"752\">zona de d\u00eda y zona de noche<\/strong>.<\/p>\n<p class=\"\" data-start=\"755\" data-end=\"1011\">Mi participaci\u00f3n en este proyecto ha incluido tareas de <strong data-start=\"811\" data-end=\"880\">direcci\u00f3n de ejecuci\u00f3n de obra, coordinaci\u00f3n de seguridad y salud<\/strong>, y <strong data-start=\"884\" data-end=\"918\">asistencia t\u00e9cnica al proyecto, <\/strong>realizando trabajos de<strong data-start=\"884\" data-end=\"918\"> mediciones<\/strong>, con especial atenci\u00f3n al control de calidad y al seguimiento de la obra en todas sus fases.<\/p>\n<\/div><div class=\"fusion-image-carousel fusion-image-carousel-auto\"><div class=\"fusion-carousel\" data-autoplay=\"no\" data-columns=\"1\" data-itemmargin=\"0\" data-itemwidth=\"180\" data-touchscroll=\"no\" data-imagesize=\"auto\"><div class=\"fusion-carousel-positioner\"><ul class=\"fusion-carousel-holder\"><li class=\"fusion-carousel-item\"><div class=\"fusion-carousel-item-wrapper\"><div class=\"fusion-image-wrapper hover-type-none\"><img decoding=\"async\" width=\"1846\" height=\"1036\" src=\"https:\/\/arquivigo.com\/wp-content\/uploads\/2025\/04\/Condominio-9-viviendas-pareadas-en-Vigo-II-OPV.jpg\" class=\"attachment-full size-full\" alt=\"\" srcset=\"https:\/\/arquivigo.com\/wp-content\/uploads\/2025\/04\/Condominio-9-viviendas-pareadas-en-Vigo-II-OPV-200x112.jpg 200w, https:\/\/arquivigo.com\/wp-content\/uploads\/2025\/04\/Condominio-9-viviendas-pareadas-en-Vigo-II-OPV-300x168.jpg 300w, https:\/\/arquivigo.com\/wp-content\/uploads\/2025\/04\/Condominio-9-viviendas-pareadas-en-Vigo-II-OPV-400x224.jpg 400w, https:\/\/arquivigo.com\/wp-content\/uploads\/2025\/04\/Condominio-9-viviendas-pareadas-en-Vigo-II-OPV-600x337.jpg 600w, https:\/\/arquivigo.com\/wp-content\/uploads\/2025\/04\/Condominio-9-viviendas-pareadas-en-Vigo-II-OPV-768x431.jpg 768w, https:\/\/arquivigo.com\/wp-content\/uploads\/2025\/04\/Condominio-9-viviendas-pareadas-en-Vigo-II-OPV-800x449.jpg 800w, https:\/\/arquivigo.com\/wp-content\/uploads\/2025\/04\/Condominio-9-viviendas-pareadas-en-Vigo-II-OPV-1024x575.jpg 1024w, https:\/\/arquivigo.com\/wp-content\/uploads\/2025\/04\/Condominio-9-viviendas-pareadas-en-Vigo-II-OPV-1200x673.jpg 1200w, https:\/\/arquivigo.com\/wp-content\/uploads\/2025\/04\/Condominio-9-viviendas-pareadas-en-Vigo-II-OPV-1536x862.jpg 1536w, https:\/\/arquivigo.com\/wp-content\/uploads\/2025\/04\/Condominio-9-viviendas-pareadas-en-Vigo-II-OPV.jpg 1846w\" sizes=\"(max-width: 1846px) 100vw, 1846px\" \/><\/div><\/div><\/li><li class=\"fusion-carousel-item\"><div class=\"fusion-carousel-item-wrapper\"><div class=\"fusion-image-wrapper hover-type-none\"><img decoding=\"async\" width=\"1846\" height=\"1036\" src=\"https:\/\/arquivigo.com\/wp-content\/uploads\/2025\/04\/Condominio-9-viviendas-pareadas-en-Vigo-I-OPV.jpg\" class=\"attachment-full size-full\" alt=\"\" srcset=\"https:\/\/arquivigo.com\/wp-content\/uploads\/2025\/04\/Condominio-9-viviendas-pareadas-en-Vigo-I-OPV-200x112.jpg 200w, https:\/\/arquivigo.com\/wp-content\/uploads\/2025\/04\/Condominio-9-viviendas-pareadas-en-Vigo-I-OPV-300x168.jpg 300w, https:\/\/arquivigo.com\/wp-content\/uploads\/2025\/04\/Condominio-9-viviendas-pareadas-en-Vigo-I-OPV-400x224.jpg 400w, https:\/\/arquivigo.com\/wp-content\/uploads\/2025\/04\/Condominio-9-viviendas-pareadas-en-Vigo-I-OPV-600x337.jpg 600w, https:\/\/arquivigo.com\/wp-content\/uploads\/2025\/04\/Condominio-9-viviendas-pareadas-en-Vigo-I-OPV-768x431.jpg 768w, https:\/\/arquivigo.com\/wp-content\/uploads\/2025\/04\/Condominio-9-viviendas-pareadas-en-Vigo-I-OPV-800x449.jpg 800w, https:\/\/arquivigo.com\/wp-content\/uploads\/2025\/04\/Condominio-9-viviendas-pareadas-en-Vigo-I-OPV-1024x575.jpg 1024w, https:\/\/arquivigo.com\/wp-content\/uploads\/2025\/04\/Condominio-9-viviendas-pareadas-en-Vigo-I-OPV-1200x673.jpg 1200w, https:\/\/arquivigo.com\/wp-content\/uploads\/2025\/04\/Condominio-9-viviendas-pareadas-en-Vigo-I-OPV-1536x862.jpg 1536w, https:\/\/arquivigo.com\/wp-content\/uploads\/2025\/04\/Condominio-9-viviendas-pareadas-en-Vigo-I-OPV.jpg 1846w\" sizes=\"(max-width: 1846px) 100vw, 1846px\" \/><\/div><\/div><\/li><li class=\"fusion-carousel-item\"><div class=\"fusion-carousel-item-wrapper\"><div class=\"fusion-image-wrapper hover-type-none\"><img decoding=\"async\" width=\"2048\" height=\"1707\" src=\"https:\/\/arquivigo.com\/wp-content\/uploads\/2025\/04\/3-2048x1707-1.jpg\" class=\"attachment-full size-full\" alt=\"\" srcset=\"https:\/\/arquivigo.com\/wp-content\/uploads\/2025\/04\/3-2048x1707-1-200x167.jpg 200w, https:\/\/arquivigo.com\/wp-content\/uploads\/2025\/04\/3-2048x1707-1-300x250.jpg 300w, https:\/\/arquivigo.com\/wp-content\/uploads\/2025\/04\/3-2048x1707-1-400x333.jpg 400w, https:\/\/arquivigo.com\/wp-content\/uploads\/2025\/04\/3-2048x1707-1-600x500.jpg 600w, https:\/\/arquivigo.com\/wp-content\/uploads\/2025\/04\/3-2048x1707-1-768x640.jpg 768w, https:\/\/arquivigo.com\/wp-content\/uploads\/2025\/04\/3-2048x1707-1-800x667.jpg 800w, https:\/\/arquivigo.com\/wp-content\/uploads\/2025\/04\/3-2048x1707-1-1024x854.jpg 1024w, https:\/\/arquivigo.com\/wp-content\/uploads\/2025\/04\/3-2048x1707-1-1200x1000.jpg 1200w, https:\/\/arquivigo.com\/wp-content\/uploads\/2025\/04\/3-2048x1707-1-1536x1280.jpg 1536w, https:\/\/arquivigo.com\/wp-content\/uploads\/2025\/04\/3-2048x1707-1.jpg 2048w\" sizes=\"(max-width: 2048px) 100vw, 2048px\" \/><\/div><\/div><\/li><\/ul><div class=\"fusion-carousel-nav\"><span class=\"fusion-nav-prev\"><\/span><span class=\"fusion-nav-next\"><\/span><\/div><\/div><\/div><\/div><\/div><\/div><style type=\"text\/css\">.fusion-body .fusion-builder-column-0{width:50% !important;margin-top : 20px;margin-bottom : 20px;}.fusion-builder-column-0 > .fusion-column-wrapper {padding-top : 0px !important;padding-right : 0px !important;margin-right : calc( 0.04 * calc( 100% - 0px ) );padding-bottom : 0px !important;padding-left : 0px !important;margin-left : 0px;}@media only screen and (max-width:800px) {.fusion-body .fusion-builder-column-0{width:100% !important;}.fusion-builder-column-0 > .fusion-column-wrapper {margin-right : 0px;margin-left : 0px;}}@media only screen and (max-width:640px) {.fusion-body .fusion-builder-column-0{width:100% !important;}.fusion-builder-column-0 > .fusion-column-wrapper {margin-right : 0px;margin-left : 0px;}}<\/style><div class=\"fusion-layout-column fusion_builder_column fusion-builder-column-1 fusion_builder_column_1_2 1_2 fusion-flex-column fusion-flex-align-self-flex-start\"><div class=\"fusion-column-wrapper fusion-flex-justify-content-flex-start fusion-content-layout-column\" style=\"background-position:left top;background-repeat:no-repeat;-webkit-background-size:cover;-moz-background-size:cover;-o-background-size:cover;background-size:cover;background-color:#1a1d24;border-width: 1px 1px 1px 1px;border-color:#2e313a;border-style:solid;padding: 30px 30px 30px 30px;\"><div class=\"fusion-builder-row fusion-builder-row-inner fusion-row fusion-flex-align-items-stretch\" style=\"width:calc( 100% + 0px ) !important;max-width:calc( 100% + 0px ) !important;margin-left: calc(-0px \/ 2 );margin-right: calc(-0px \/ 2 );\"><div class=\"fusion-layout-column fusion_builder_column_inner fusion-builder-nested-column-0 fusion_builder_column_inner_1_3 1_3 fusion-flex-column\"><div class=\"fusion-column-wrapper fusion-flex-justify-content-flex-start fusion-content-layout-column\" style=\"background-position:left top;background-repeat:no-repeat;-webkit-background-size:cover;-moz-background-size:cover;-o-background-size:cover;background-size:cover;padding: 0px 0px 0px 0px;\"><div class=\"fusion-text fusion-text-3\"><h6 style=\"margin-top: 6px; margin-bottom: 20px;\"><span style=\"color: #ffffff;\">ENCARGO<\/span><\/h6>\n<\/div><\/div><\/div><style type=\"text\/css\">.fusion-body .fusion-builder-nested-column-0{width:33.333333333333% !important;margin-top : 0px;margin-bottom : 0px;}.fusion-builder-nested-column-0 > .fusion-column-wrapper {padding-top : 0px !important;padding-right : 0px !important;margin-right : 0;padding-bottom : 0px !important;padding-left : 0px !important;margin-left : 0px;}@media only screen and (max-width:800px) {.fusion-body .fusion-builder-nested-column-0{width:100% !important;}.fusion-builder-nested-column-0 > .fusion-column-wrapper {margin-right : 0px;margin-left : 0px;}}@media only screen and (max-width:640px) {.fusion-body .fusion-builder-nested-column-0{width:100% !important;}.fusion-builder-nested-column-0 > .fusion-column-wrapper {margin-right : 0px;margin-left : 0px;}}<\/style><div class=\"fusion-layout-column fusion_builder_column_inner fusion-builder-nested-column-1 fusion_builder_column_inner_1_6 1_6 fusion-flex-column fusion-no-small-visibility\"><div class=\"fusion-column-wrapper fusion-flex-justify-content-flex-start fusion-content-layout-column\" style=\"background-position:left top;background-repeat:no-repeat;-webkit-background-size:cover;-moz-background-size:cover;-o-background-size:cover;background-size:cover;padding: 0px 0px 0px 0px;\"><\/div><\/div><style type=\"text\/css\">.fusion-body .fusion-builder-nested-column-1{width:16.666666666667% !important;margin-top : 0px;margin-bottom : 0px;}.fusion-builder-nested-column-1 > .fusion-column-wrapper {padding-top : 0px !important;padding-right : 0px !important;margin-right : 0;padding-bottom : 0px !important;padding-left : 0px !important;margin-left : 0;}@media only screen and (max-width:800px) {.fusion-body .fusion-builder-nested-column-1{width:100% !important;}.fusion-builder-nested-column-1 > .fusion-column-wrapper {margin-right : 0px;margin-left : 0px;}}@media only screen and (max-width:640px) {.fusion-body .fusion-builder-nested-column-1{width:100% !important;}.fusion-builder-nested-column-1 > .fusion-column-wrapper {margin-right : 0px;margin-left : 0px;}}<\/style><div class=\"fusion-layout-column fusion_builder_column_inner fusion-builder-nested-column-2 fusion_builder_column_inner_1_2 1_2 fusion-flex-column\"><div class=\"fusion-column-wrapper fusion-flex-justify-content-flex-start fusion-content-layout-column\" style=\"background-position:left top;background-repeat:no-repeat;-webkit-background-size:cover;-moz-background-size:cover;-o-background-size:cover;background-size:cover;padding: 0px 0px 0px 0px;\"><div class=\"fusion-text fusion-text-4\"><p style=\"color: #555c6e; margin-top: 0px;\">Asistencia en proyecto, Direcci\u00f3n de Ejecuci\u00f3n de obra y Coordinaci\u00f3n de Seguridad y Salud<\/p>\n<\/div><\/div><\/div><style type=\"text\/css\">.fusion-body .fusion-builder-nested-column-2{width:50% !important;margin-top : 0px;margin-bottom : 0px;}.fusion-builder-nested-column-2 > .fusion-column-wrapper {padding-top : 0px !important;padding-right : 0px !important;margin-right : 0px;padding-bottom : 0px !important;padding-left : 0px !important;margin-left : 0;}@media only screen and (max-width:800px) {.fusion-body .fusion-builder-nested-column-2{width:100% !important;}.fusion-builder-nested-column-2 > .fusion-column-wrapper {margin-right : 0px;margin-left : 0px;}}@media only screen and (max-width:640px) {.fusion-body .fusion-builder-nested-column-2{width:100% !important;}.fusion-builder-nested-column-2 > .fusion-column-wrapper {margin-right : 0px;margin-left : 0px;}}<\/style><\/div><div class=\"fusion-builder-row fusion-builder-row-inner fusion-row fusion-flex-align-items-stretch\" style=\"width:calc( 100% + 0px ) !important;max-width:calc( 100% + 0px ) !important;margin-left: calc(-0px \/ 2 );margin-right: calc(-0px \/ 2 );\"><div class=\"fusion-layout-column fusion_builder_column_inner fusion-builder-nested-column-3 fusion_builder_column_inner_1_3 1_3 fusion-flex-column\"><div class=\"fusion-column-wrapper fusion-flex-justify-content-flex-start fusion-content-layout-column\" style=\"background-position:left top;background-repeat:no-repeat;-webkit-background-size:cover;-moz-background-size:cover;-o-background-size:cover;background-size:cover;padding: 0px 0px 0px 0px;\"><div class=\"fusion-text fusion-text-5\"><h6 style=\"margin-top: 6px; margin-bottom: 20px;\"><span style=\"color: #ffffff;\">CATEGORIA<\/span><\/h6>\n<\/div><\/div><\/div><style type=\"text\/css\">.fusion-body .fusion-builder-nested-column-3{width:33.333333333333% !important;margin-top : 0px;margin-bottom : 0px;}.fusion-builder-nested-column-3 > .fusion-column-wrapper {padding-top : 0px !important;padding-right : 0px !important;margin-right : 0;padding-bottom : 0px !important;padding-left : 0px !important;margin-left : 0px;}@media only screen and (max-width:800px) {.fusion-body .fusion-builder-nested-column-3{width:100% !important;}.fusion-builder-nested-column-3 > .fusion-column-wrapper {margin-right : 0px;margin-left : 0px;}}@media only screen and (max-width:640px) {.fusion-body .fusion-builder-nested-column-3{width:100% !important;}.fusion-builder-nested-column-3 > .fusion-column-wrapper {margin-right : 0px;margin-left : 0px;}}<\/style><div class=\"fusion-layout-column fusion_builder_column_inner fusion-builder-nested-column-4 fusion_builder_column_inner_1_6 1_6 fusion-flex-column fusion-no-small-visibility\"><div class=\"fusion-column-wrapper fusion-flex-justify-content-flex-start fusion-content-layout-column\" style=\"background-position:left top;background-repeat:no-repeat;-webkit-background-size:cover;-moz-background-size:cover;-o-background-size:cover;background-size:cover;padding: 0px 0px 0px 0px;\"><\/div><\/div><style type=\"text\/css\">.fusion-body .fusion-builder-nested-column-4{width:16.666666666667% !important;margin-top : 0px;margin-bottom : 0px;}.fusion-builder-nested-column-4 > .fusion-column-wrapper {padding-top : 0px !important;padding-right : 0px !important;margin-right : 0;padding-bottom : 0px !important;padding-left : 0px !important;margin-left : 0;}@media only screen and (max-width:800px) {.fusion-body .fusion-builder-nested-column-4{width:100% !important;}.fusion-builder-nested-column-4 > .fusion-column-wrapper {margin-right : 0px;margin-left : 0px;}}@media only screen and (max-width:640px) {.fusion-body .fusion-builder-nested-column-4{width:100% !important;}.fusion-builder-nested-column-4 > .fusion-column-wrapper {margin-right : 0px;margin-left : 0px;}}<\/style><div class=\"fusion-layout-column fusion_builder_column_inner fusion-builder-nested-column-5 fusion_builder_column_inner_1_2 1_2 fusion-flex-column\"><div class=\"fusion-column-wrapper fusion-flex-justify-content-flex-start fusion-content-layout-column\" style=\"background-position:left top;background-repeat:no-repeat;-webkit-background-size:cover;-moz-background-size:cover;-o-background-size:cover;background-size:cover;padding: 0px 0px 0px 0px;\"><div class=\"fusion-text fusion-text-6\"><p style=\"color: #555c6e; margin-top: 0px;\">Residencial privado<\/p>\n<\/div><\/div><\/div><style type=\"text\/css\">.fusion-body .fusion-builder-nested-column-5{width:50% !important;margin-top : 0px;margin-bottom : 0px;}.fusion-builder-nested-column-5 > .fusion-column-wrapper {padding-top : 0px !important;padding-right : 0px !important;margin-right : 0px;padding-bottom : 0px !important;padding-left : 0px !important;margin-left : 0;}@media only screen and (max-width:800px) {.fusion-body .fusion-builder-nested-column-5{width:100% !important;}.fusion-builder-nested-column-5 > .fusion-column-wrapper {margin-right : 0px;margin-left : 0px;}}@media only screen and (max-width:640px) {.fusion-body .fusion-builder-nested-column-5{width:100% !important;}.fusion-builder-nested-column-5 > .fusion-column-wrapper {margin-right : 0px;margin-left : 0px;}}<\/style><\/div><div class=\"fusion-builder-row fusion-builder-row-inner fusion-row fusion-flex-align-items-stretch\" style=\"width:calc( 100% + 0px ) !important;max-width:calc( 100% + 0px ) !important;margin-left: calc(-0px \/ 2 );margin-right: calc(-0px \/ 2 );\"><div class=\"fusion-layout-column fusion_builder_column_inner fusion-builder-nested-column-6 fusion_builder_column_inner_1_3 1_3 fusion-flex-column\"><div class=\"fusion-column-wrapper fusion-flex-justify-content-flex-start fusion-content-layout-column\" style=\"background-position:left top;background-repeat:no-repeat;-webkit-background-size:cover;-moz-background-size:cover;-o-background-size:cover;background-size:cover;padding: 0px 0px 0px 0px;\"><div class=\"fusion-text fusion-text-7\"><p><span style=\"color: #ffffff;\">ARQUITECTURA<\/span><\/p>\n<\/div><\/div><\/div><style type=\"text\/css\">.fusion-body .fusion-builder-nested-column-6{width:33.333333333333% !important;margin-top : 0px;margin-bottom : 0px;}.fusion-builder-nested-column-6 > .fusion-column-wrapper {padding-top : 0px !important;padding-right : 0px !important;margin-right : 0;padding-bottom : 0px !important;padding-left : 0px !important;margin-left : 0px;}@media only screen and (max-width:800px) {.fusion-body .fusion-builder-nested-column-6{width:100% !important;}.fusion-builder-nested-column-6 > .fusion-column-wrapper {margin-right : 0px;margin-left : 0px;}}@media only screen and (max-width:640px) {.fusion-body .fusion-builder-nested-column-6{width:100% !important;}.fusion-builder-nested-column-6 > .fusion-column-wrapper {margin-right : 0px;margin-left : 0px;}}<\/style><div class=\"fusion-layout-column fusion_builder_column_inner fusion-builder-nested-column-7 fusion_builder_column_inner_1_6 1_6 fusion-flex-column fusion-no-small-visibility\"><div class=\"fusion-column-wrapper fusion-flex-justify-content-flex-start fusion-content-layout-column\" style=\"background-position:left top;background-repeat:no-repeat;-webkit-background-size:cover;-moz-background-size:cover;-o-background-size:cover;background-size:cover;padding: 0px 0px 0px 0px;\"><\/div><\/div><style type=\"text\/css\">.fusion-body .fusion-builder-nested-column-7{width:16.666666666667% !important;margin-top : 0px;margin-bottom : 0px;}.fusion-builder-nested-column-7 > .fusion-column-wrapper {padding-top : 0px !important;padding-right : 0px !important;margin-right : 0;padding-bottom : 0px !important;padding-left : 0px !important;margin-left : 0;}@media only screen and (max-width:800px) {.fusion-body .fusion-builder-nested-column-7{width:100% !important;}.fusion-builder-nested-column-7 > .fusion-column-wrapper {margin-right : 0px;margin-left : 0px;}}@media only screen and (max-width:640px) {.fusion-body .fusion-builder-nested-column-7{width:100% !important;}.fusion-builder-nested-column-7 > .fusion-column-wrapper {margin-right : 0px;margin-left : 0px;}}<\/style><div class=\"fusion-layout-column fusion_builder_column_inner fusion-builder-nested-column-8 fusion_builder_column_inner_1_2 1_2 fusion-flex-column\"><div class=\"fusion-column-wrapper fusion-flex-justify-content-flex-start fusion-content-layout-column\" style=\"background-position:left top;background-repeat:no-repeat;-webkit-background-size:cover;-moz-background-size:cover;-o-background-size:cover;background-size:cover;padding: 0px 0px 0px 0px;\"><div class=\"fusion-text fusion-text-8\"><p><img decoding=\"async\" class=\"alignnone size-full wp-image-1306\" src=\"https:\/\/arquivigo.com\/wp-content\/uploads\/2025\/04\/LOGO-OPV-1-300x39-1.png\" alt=\"\" width=\"300\" height=\"39\" srcset=\"https:\/\/arquivigo.com\/wp-content\/uploads\/2025\/04\/LOGO-OPV-1-300x39-1-200x26.png 200w, https:\/\/arquivigo.com\/wp-content\/uploads\/2025\/04\/LOGO-OPV-1-300x39-1.png 300w\" sizes=\"(max-width: 300px) 100vw, 300px\" \/><\/p>\n<\/div><\/div><\/div><style type=\"text\/css\">.fusion-body .fusion-builder-nested-column-8{width:50% !important;margin-top : 0px;margin-bottom : 0px;}.fusion-builder-nested-column-8 > .fusion-column-wrapper {padding-top : 0px !important;padding-right : 0px !important;margin-right : 0px;padding-bottom : 0px !important;padding-left : 0px !important;margin-left : 0;}@media only screen and (max-width:800px) {.fusion-body .fusion-builder-nested-column-8{width:100% !important;}.fusion-builder-nested-column-8 > .fusion-column-wrapper {margin-right : 0px;margin-left : 0px;}}@media only screen and (max-width:640px) {.fusion-body .fusion-builder-nested-column-8{width:100% !important;}.fusion-builder-nested-column-8 > .fusion-column-wrapper {margin-right : 0px;margin-left : 0px;}}<\/style><\/div><div class=\"fusion-separator fusion-full-width-sep\" style=\"align-self: center;margin-left: auto;margin-right: auto;margin-top:20px;width:100%;\"><\/div><\/div><\/div><style type=\"text\/css\">.fusion-body .fusion-builder-column-1{width:50% !important;margin-top : 20px;margin-bottom : 20px;}.fusion-builder-column-1 > .fusion-column-wrapper {padding-top : 30px !important;padding-right : 30px !important;margin-right : 0px;padding-bottom : 30px !important;padding-left : 30px !important;margin-left : calc( 0.04 * calc( 100% - 0px ) );}@media only screen and (max-width:800px) {.fusion-body .fusion-builder-column-1{width:100% !important;order : 0;}.fusion-builder-column-1 > .fusion-column-wrapper {margin-right : 0px;margin-left : 0px;}}@media only screen and (max-width:640px) {.fusion-body .fusion-builder-column-1{width:100% !important;order : 0;}.fusion-builder-column-1 > .fusion-column-wrapper {margin-right : 0px;margin-left : 0px;}}<\/style><\/div><style type=\"text\/css\">.fusion-body .fusion-flex-container.fusion-builder-row-1{ padding-top : 5%;margin-top : 50px;padding-right : 0px;padding-bottom : 5%;margin-bottom : 50px;padding-left : 0px;}<\/style><\/div>\n","protected":false},"excerpt":{"rendered":"","protected":false},"author":1,"featured_media":1341,"menu_order":0,"comment_status":"closed","ping_status":"closed","template":"","format":"standard","meta":{"_joinchat":[],"footnotes":""},"portfolio_category":[3,6],"portfolio_skills":[],"portfolio_tags":[],"class_list":["post-1339","avada_portfolio","type-avada_portfolio","status-publish","format-standard","has-post-thumbnail","hentry","portfolio_category-branding","portfolio_category-logo"],"yoast_head":"<!-- This site is optimized with the Yoast SEO plugin v24.9 - https:\/\/yoast.com\/wordpress\/plugins\/seo\/ -->\n<title>CONDOMINIO 9 VIVIENDAS UNIFAMILIARES GRAN V\u00cdA - Jos\u00e9 Ramilo Hermida<\/title>\n<meta name=\"robots\" content=\"index, follow, max-snippet:-1, max-image-preview:large, max-video-preview:-1\" \/>\n<link rel=\"canonical\" href=\"https:\/\/arquivigo.com\/index.php\/portfolio-items\/concominio-9-viviendas-unifamiliares-gran-via\/\" \/>\n<meta property=\"og:locale\" content=\"es_ES\" \/>\n<meta property=\"og:type\" content=\"article\" \/>\n<meta property=\"og:title\" content=\"CONDOMINIO 9 VIVIENDAS UNIFAMILIARES GRAN V\u00cdA - Jos\u00e9 Ramilo Hermida\" \/>\n<meta property=\"og:url\" content=\"https:\/\/arquivigo.com\/index.php\/portfolio-items\/concominio-9-viviendas-unifamiliares-gran-via\/\" \/>\n<meta property=\"og:site_name\" content=\"Jos\u00e9 Ramilo Hermida\" \/>\n<meta property=\"article:publisher\" content=\"https:\/\/www.facebook.com\/people\/Jos%c3%a9-Ramilo-Arquitectura-e-Ingenier%c3%ada\/100049613451848\/\" \/>\n<meta property=\"article:modified_time\" content=\"2025-04-19T14:17:27+00:00\" \/>\n<meta property=\"og:image\" content=\"https:\/\/arquivigo.com\/wp-content\/uploads\/2025\/04\/Condominio-9-viviendas-pareadas-en-Vigo-II-OPV.jpg\" \/>\n\t<meta property=\"og:image:width\" content=\"1846\" \/>\n\t<meta property=\"og:image:height\" content=\"1036\" \/>\n\t<meta property=\"og:image:type\" content=\"image\/jpeg\" \/>\n<meta name=\"twitter:card\" content=\"summary_large_image\" \/>\n<meta name=\"twitter:site\" content=\"@jramiloAT\" \/>\n<meta name=\"twitter:label1\" content=\"Tiempo de lectura\" \/>\n\t<meta name=\"twitter:data1\" content=\"6 minutos\" \/>\n<script type=\"application\/ld+json\" class=\"yoast-schema-graph\">{\"@context\":\"https:\/\/schema.org\",\"@graph\":[{\"@type\":\"WebPage\",\"@id\":\"https:\/\/arquivigo.com\/index.php\/portfolio-items\/concominio-9-viviendas-unifamiliares-gran-via\/\",\"url\":\"https:\/\/arquivigo.com\/index.php\/portfolio-items\/concominio-9-viviendas-unifamiliares-gran-via\/\",\"name\":\"CONDOMINIO 9 VIVIENDAS UNIFAMILIARES GRAN V\u00cdA - Jos\u00e9 Ramilo Hermida\",\"isPartOf\":{\"@id\":\"https:\/\/arquivigo.com\/#website\"},\"primaryImageOfPage\":{\"@id\":\"https:\/\/arquivigo.com\/index.php\/portfolio-items\/concominio-9-viviendas-unifamiliares-gran-via\/#primaryimage\"},\"image\":{\"@id\":\"https:\/\/arquivigo.com\/index.php\/portfolio-items\/concominio-9-viviendas-unifamiliares-gran-via\/#primaryimage\"},\"thumbnailUrl\":\"https:\/\/arquivigo.com\/wp-content\/uploads\/2025\/04\/Condominio-9-viviendas-pareadas-en-Vigo-II-OPV.jpg\",\"datePublished\":\"2025-04-19T14:10:00+00:00\",\"dateModified\":\"2025-04-19T14:17:27+00:00\",\"breadcrumb\":{\"@id\":\"https:\/\/arquivigo.com\/index.php\/portfolio-items\/concominio-9-viviendas-unifamiliares-gran-via\/#breadcrumb\"},\"inLanguage\":\"es\",\"potentialAction\":[{\"@type\":\"ReadAction\",\"target\":[\"https:\/\/arquivigo.com\/index.php\/portfolio-items\/concominio-9-viviendas-unifamiliares-gran-via\/\"]}]},{\"@type\":\"ImageObject\",\"inLanguage\":\"es\",\"@id\":\"https:\/\/arquivigo.com\/index.php\/portfolio-items\/concominio-9-viviendas-unifamiliares-gran-via\/#primaryimage\",\"url\":\"https:\/\/arquivigo.com\/wp-content\/uploads\/2025\/04\/Condominio-9-viviendas-pareadas-en-Vigo-II-OPV.jpg\",\"contentUrl\":\"https:\/\/arquivigo.com\/wp-content\/uploads\/2025\/04\/Condominio-9-viviendas-pareadas-en-Vigo-II-OPV.jpg\",\"width\":1846,\"height\":1036,\"caption\":\"xr:d:DAF8MW5E9cU:6,j:5206579197210563295,t:24020809\"},{\"@type\":\"BreadcrumbList\",\"@id\":\"https:\/\/arquivigo.com\/index.php\/portfolio-items\/concominio-9-viviendas-unifamiliares-gran-via\/#breadcrumb\",\"itemListElement\":[{\"@type\":\"ListItem\",\"position\":1,\"name\":\"Portada\",\"item\":\"https:\/\/arquivigo.com\/\"},{\"@type\":\"ListItem\",\"position\":2,\"name\":\"Portfolio\",\"item\":\"https:\/\/arquivigo.com\/index.php\/portfolio-items\/\"},{\"@type\":\"ListItem\",\"position\":3,\"name\":\"CONDOMINIO 9 VIVIENDAS UNIFAMILIARES GRAN V\u00cdA\"}]},{\"@type\":\"WebSite\",\"@id\":\"https:\/\/arquivigo.com\/#website\",\"url\":\"https:\/\/arquivigo.com\/\",\"name\":\"arquivigo\",\"description\":\"Arquitecto t\u00e9cnico resolutivo\",\"publisher\":{\"@id\":\"https:\/\/arquivigo.com\/#organization\"},\"potentialAction\":[{\"@type\":\"SearchAction\",\"target\":{\"@type\":\"EntryPoint\",\"urlTemplate\":\"https:\/\/arquivigo.com\/?s={search_term_string}\"},\"query-input\":{\"@type\":\"PropertyValueSpecification\",\"valueRequired\":true,\"valueName\":\"search_term_string\"}}],\"inLanguage\":\"es\"},{\"@type\":\"Organization\",\"@id\":\"https:\/\/arquivigo.com\/#organization\",\"name\":\"Arquivigo\",\"url\":\"https:\/\/arquivigo.com\/\",\"logo\":{\"@type\":\"ImageObject\",\"inLanguage\":\"es\",\"@id\":\"https:\/\/arquivigo.com\/#\/schema\/logo\/image\/\",\"url\":\"https:\/\/arquivigo.com\/wp-content\/uploads\/2020\/09\/logo-400-sin-fondo.png\",\"contentUrl\":\"https:\/\/arquivigo.com\/wp-content\/uploads\/2020\/09\/logo-400-sin-fondo.png\",\"width\":400,\"height\":93,\"caption\":\"Arquivigo\"},\"image\":{\"@id\":\"https:\/\/arquivigo.com\/#\/schema\/logo\/image\/\"},\"sameAs\":[\"https:\/\/www.facebook.com\/people\/Jos\u00e9-Ramilo-Arquitectura-e-Ingenier\u00eda\/100049613451848\/\",\"https:\/\/x.com\/jramiloAT\",\"https:\/\/www.instagram.com\/arquivigo\/\",\"https:\/\/www.linkedin.com\/in\/jos\u00e9-ramilo-hermida-b8802525\/\"]}]}<\/script>\n<!-- \/ Yoast SEO plugin. -->","yoast_head_json":{"title":"CONDOMINIO 9 VIVIENDAS UNIFAMILIARES GRAN V\u00cdA - Jos\u00e9 Ramilo Hermida","robots":{"index":"index","follow":"follow","max-snippet":"max-snippet:-1","max-image-preview":"max-image-preview:large","max-video-preview":"max-video-preview:-1"},"canonical":"https:\/\/arquivigo.com\/index.php\/portfolio-items\/concominio-9-viviendas-unifamiliares-gran-via\/","og_locale":"es_ES","og_type":"article","og_title":"CONDOMINIO 9 VIVIENDAS UNIFAMILIARES GRAN V\u00cdA - Jos\u00e9 Ramilo Hermida","og_url":"https:\/\/arquivigo.com\/index.php\/portfolio-items\/concominio-9-viviendas-unifamiliares-gran-via\/","og_site_name":"Jos\u00e9 Ramilo Hermida","article_publisher":"https:\/\/www.facebook.com\/people\/Jos%c3%a9-Ramilo-Arquitectura-e-Ingenier%c3%ada\/100049613451848\/","article_modified_time":"2025-04-19T14:17:27+00:00","og_image":[{"width":1846,"height":1036,"url":"https:\/\/arquivigo.com\/wp-content\/uploads\/2025\/04\/Condominio-9-viviendas-pareadas-en-Vigo-II-OPV.jpg","type":"image\/jpeg"}],"twitter_card":"summary_large_image","twitter_site":"@jramiloAT","twitter_misc":{"Tiempo de lectura":"6 minutos"},"schema":{"@context":"https:\/\/schema.org","@graph":[{"@type":"WebPage","@id":"https:\/\/arquivigo.com\/index.php\/portfolio-items\/concominio-9-viviendas-unifamiliares-gran-via\/","url":"https:\/\/arquivigo.com\/index.php\/portfolio-items\/concominio-9-viviendas-unifamiliares-gran-via\/","name":"CONDOMINIO 9 VIVIENDAS UNIFAMILIARES GRAN V\u00cdA - Jos\u00e9 Ramilo Hermida","isPartOf":{"@id":"https:\/\/arquivigo.com\/#website"},"primaryImageOfPage":{"@id":"https:\/\/arquivigo.com\/index.php\/portfolio-items\/concominio-9-viviendas-unifamiliares-gran-via\/#primaryimage"},"image":{"@id":"https:\/\/arquivigo.com\/index.php\/portfolio-items\/concominio-9-viviendas-unifamiliares-gran-via\/#primaryimage"},"thumbnailUrl":"https:\/\/arquivigo.com\/wp-content\/uploads\/2025\/04\/Condominio-9-viviendas-pareadas-en-Vigo-II-OPV.jpg","datePublished":"2025-04-19T14:10:00+00:00","dateModified":"2025-04-19T14:17:27+00:00","breadcrumb":{"@id":"https:\/\/arquivigo.com\/index.php\/portfolio-items\/concominio-9-viviendas-unifamiliares-gran-via\/#breadcrumb"},"inLanguage":"es","potentialAction":[{"@type":"ReadAction","target":["https:\/\/arquivigo.com\/index.php\/portfolio-items\/concominio-9-viviendas-unifamiliares-gran-via\/"]}]},{"@type":"ImageObject","inLanguage":"es","@id":"https:\/\/arquivigo.com\/index.php\/portfolio-items\/concominio-9-viviendas-unifamiliares-gran-via\/#primaryimage","url":"https:\/\/arquivigo.com\/wp-content\/uploads\/2025\/04\/Condominio-9-viviendas-pareadas-en-Vigo-II-OPV.jpg","contentUrl":"https:\/\/arquivigo.com\/wp-content\/uploads\/2025\/04\/Condominio-9-viviendas-pareadas-en-Vigo-II-OPV.jpg","width":1846,"height":1036,"caption":"xr:d:DAF8MW5E9cU:6,j:5206579197210563295,t:24020809"},{"@type":"BreadcrumbList","@id":"https:\/\/arquivigo.com\/index.php\/portfolio-items\/concominio-9-viviendas-unifamiliares-gran-via\/#breadcrumb","itemListElement":[{"@type":"ListItem","position":1,"name":"Portada","item":"https:\/\/arquivigo.com\/"},{"@type":"ListItem","position":2,"name":"Portfolio","item":"https:\/\/arquivigo.com\/index.php\/portfolio-items\/"},{"@type":"ListItem","position":3,"name":"CONDOMINIO 9 VIVIENDAS UNIFAMILIARES GRAN V\u00cdA"}]},{"@type":"WebSite","@id":"https:\/\/arquivigo.com\/#website","url":"https:\/\/arquivigo.com\/","name":"arquivigo","description":"Arquitecto t\u00e9cnico resolutivo","publisher":{"@id":"https:\/\/arquivigo.com\/#organization"},"potentialAction":[{"@type":"SearchAction","target":{"@type":"EntryPoint","urlTemplate":"https:\/\/arquivigo.com\/?s={search_term_string}"},"query-input":{"@type":"PropertyValueSpecification","valueRequired":true,"valueName":"search_term_string"}}],"inLanguage":"es"},{"@type":"Organization","@id":"https:\/\/arquivigo.com\/#organization","name":"Arquivigo","url":"https:\/\/arquivigo.com\/","logo":{"@type":"ImageObject","inLanguage":"es","@id":"https:\/\/arquivigo.com\/#\/schema\/logo\/image\/","url":"https:\/\/arquivigo.com\/wp-content\/uploads\/2020\/09\/logo-400-sin-fondo.png","contentUrl":"https:\/\/arquivigo.com\/wp-content\/uploads\/2020\/09\/logo-400-sin-fondo.png","width":400,"height":93,"caption":"Arquivigo"},"image":{"@id":"https:\/\/arquivigo.com\/#\/schema\/logo\/image\/"},"sameAs":["https:\/\/www.facebook.com\/people\/Jos\u00e9-Ramilo-Arquitectura-e-Ingenier\u00eda\/100049613451848\/","https:\/\/x.com\/jramiloAT","https:\/\/www.instagram.com\/arquivigo\/","https:\/\/www.linkedin.com\/in\/jos\u00e9-ramilo-hermida-b8802525\/"]}]}},"_links":{"self":[{"href":"https:\/\/arquivigo.com\/index.php\/wp-json\/wp\/v2\/avada_portfolio\/1339","targetHints":{"allow":["GET"]}}],"collection":[{"href":"https:\/\/arquivigo.com\/index.php\/wp-json\/wp\/v2\/avada_portfolio"}],"about":[{"href":"https:\/\/arquivigo.com\/index.php\/wp-json\/wp\/v2\/types\/avada_portfolio"}],"author":[{"embeddable":true,"href":"https:\/\/arquivigo.com\/index.php\/wp-json\/wp\/v2\/users\/1"}],"replies":[{"embeddable":true,"href":"https:\/\/arquivigo.com\/index.php\/wp-json\/wp\/v2\/comments?post=1339"}],"version-history":[{"count":3,"href":"https:\/\/arquivigo.com\/index.php\/wp-json\/wp\/v2\/avada_portfolio\/1339\/revisions"}],"predecessor-version":[{"id":1345,"href":"https:\/\/arquivigo.com\/index.php\/wp-json\/wp\/v2\/avada_portfolio\/1339\/revisions\/1345"}],"wp:featuredmedia":[{"embeddable":true,"href":"https:\/\/arquivigo.com\/index.php\/wp-json\/wp\/v2\/media\/1341"}],"wp:attachment":[{"href":"https:\/\/arquivigo.com\/index.php\/wp-json\/wp\/v2\/media?parent=1339"}],"wp:term":[{"taxonomy":"portfolio_category","embeddable":true,"href":"https:\/\/arquivigo.com\/index.php\/wp-json\/wp\/v2\/portfolio_category?post=1339"},{"taxonomy":"portfolio_skills","embeddable":true,"href":"https:\/\/arquivigo.com\/index.php\/wp-json\/wp\/v2\/portfolio_skills?post=1339"},{"taxonomy":"portfolio_tags","embeddable":true,"href":"https:\/\/arquivigo.com\/index.php\/wp-json\/wp\/v2\/portfolio_tags?post=1339"}],"curies":[{"name":"wp","href":"https:\/\/api.w.org\/{rel}","templated":true}]}}