{"id":3,"date":"2020-11-13T18:07:21","date_gmt":"2020-11-13T18:07:21","guid":{"rendered":"http:\/\/arquivigo.com\/?page_id=3"},"modified":"2020-11-27T11:51:01","modified_gmt":"2020-11-27T10:51:01","slug":"politica-privacidad","status":"publish","type":"page","link":"https:\/\/arquivigo.com\/index.php\/politica-privacidad\/","title":{"rendered":"Pol\u00edtica de privacidad"},"content":{"rendered":"<p style=\"text-align: left;\"><strong>INTRODUCCI\u00d3N<\/strong><\/p>\n<p style=\"text-align: left;\">JOS\u00c9 RAMILO HERMIDA, en adelante ARQUIVIGO, recopila, trata y almacena informaci\u00f3n personal a trav\u00e9s de la web de su propiedad https:\/\/arquivigo.com.<\/p>\n<p style=\"text-align: left;\">Esta informaci\u00f3n ser\u00e1 relativa a los usuarios de la web. La informaci\u00f3n se recopilar\u00e1, tratar\u00e1 y almacenar\u00e1 conforme a la presente Pol\u00edtica de Privacidad.<\/p>\n<p style=\"text-align: left;\">Esta Pol\u00edtica de Privacidad fue actualizada el 27 de noviembre de 2020.<\/p>\n<p style=\"text-align: left;\"><strong>RESPONSABLE LEGAL<\/strong><\/p>\n<p style=\"text-align: left;\">Denominaci\u00f3n comercial: ARQUIVIGO<br \/>Denominaci\u00f3n social: JOS\u00c9 RAMILO HERMIDA<br \/>Domicilio: Doctor Cadaval 7, 1\u00ba izq. Vigo<\/p>\n<p>CIF: BXXXXXXXX<\/p>\n<p style=\"text-align: left;\">email de contacto: info@arquivigo.com<\/p>\n<p style=\"text-align: left;\"><strong>LEYES DE APLICACI\u00d3N EN ESTA WEB<\/strong><\/p>\n<ul style=\"text-align: left;\">\n<li>RGPD (Reglamento (UE) 2016\/679 del Parlamento Europeo y del Consejo de 27 de abril de 2016 relativo a la protecci\u00f3n de las personas f\u00edsicas)<\/li>\n<li>LOPD (Ley Org\u00e1nica 15\/1999, de 13 de diciembre, de Protecci\u00f3n de Datos de Car\u00e1cter Personal y Real Decreto 1720\/2007, de 21 de diciembre, Reglamento de desarrollo de la LOPD)<\/li>\n<li>LSSI (Ley 34\/2002, de 11 de julio, de Servicios de la Sociedad de la Informaci\u00f3n y Comercio Electr\u00f3nico)<\/li>\n<\/ul>\n<p style=\"text-align: left;\"><strong>DATOS RECOPILADOS<\/strong><\/p>\n<p style=\"text-align: left;\">\u00danicamente se recopilar\u00e1n los datos estrictamente necesarios para llevar a cabo la normal actividad del servicio. Ajust\u00e1ndose al principio de minimizaci\u00f3n de datos (Art.5.b GDPR).<br \/>Los datos recopilados ser\u00e1n en todo caso de mayores de 16 a\u00f1os (Art. 8.1 GDPR). ARQUIVIGO se reserva el derecho a tomar las medidas oportunas para comprobar la veracidad de la edad (Art. 8.2 GDPR).<br \/>En todo caso estos datos ser\u00e1n de car\u00e1cter personal identificativos y no sensibles, podr\u00e1n ser:<\/p>\n<ul style=\"text-align: left;\">\n<li>Correo electr\u00f3nico<\/li>\n<li>Tel\u00e9fono<\/li>\n<li>Nombre y apellidos<\/li>\n<li>Localidad<\/li>\n<\/ul>\n<p style=\"text-align: left;\"><strong>M\u00c9TODOS DE RECOPILACI\u00d3N<\/strong><\/p>\n<p style=\"text-align: left;\">Los datos personales se recopilar\u00e1n a trav\u00e9s de la web de ARQUIVIGO cuando introduzcas informaci\u00f3n en alguno de los campos destinados a tal efecto en la web. Estos campos est\u00e1n debidamente se\u00f1alizados y no recopilar\u00e1n ning\u00fan dato hasta que no aceptes expresamente la cesi\u00f3n y gesti\u00f3n conforme a esta pol\u00edtica de privacidad.<\/p>\n<p style=\"text-align: left;\"><strong>OBJETIVO DE LA RECOPILACI\u00d3N Y USO DE LOS DATOS<\/strong><\/p>\n<p style=\"text-align: left;\">La recopilaci\u00f3n y uso de datos se realiza con el \u00fanico objetivo de env\u00edo de noticias y servicios de la compa\u00f1\u00eda.<\/p>\n<p style=\"text-align: left;\">ARQUIVIGO se compromete a no utilizar los datos obtenidos con una finalidad distinta a esta.<\/p>\n<p style=\"text-align: left;\"><strong>DESTINATARIO DE LOS DATOS<\/strong><\/p>\n<p style=\"text-align: left;\">Los datos recopilados se incorporar\u00e1n a un fichero propiedad de ARQUIVIGO y gestionado por ARQUIVIGO. Este fichero se almacenar\u00e1 en los servidores del proveedor de hosting Raiola Networks.<\/p>\n<p style=\"text-align: left;\"><strong>PLAZO DE CONSERVACI\u00d3N DE LOS DATOS<\/strong><\/p>\n<p style=\"text-align: left;\">Los datos se conservar\u00e1n hasta que se cumpla el objetivo por el cual se recopilaron estos datos (Art.5.e. GDPR) o hasta que se ejerza el derecho a la supresi\u00f3n o modificaci\u00f3n de los mismos. Siempre y cuando esto no entre en conflicto con la necesidad por motivos legales o fiscales de almacenar los mismos.<\/p>\n<p style=\"text-align: left;\"><strong>\u00bfC\u00d3MO PROTEGEMOS SUS DATOS?<\/strong><\/p>\n<p style=\"text-align: left;\">Sus datos se transfieren y almacenan de forma segura ya que disponemos de cifrado con protocolo SSL, firewall a nivel de servidor, protocolos de seguridad para prevenir accesos no autorizados.<\/p>\n<p style=\"text-align: left;\">ARQUIVIGO no puede garantizar la completa seguridad en las comunicaciones a trav\u00e9s de Internet pero garantizamos tomar las medidas adecuadas para proteger sus datos.<\/p>\n<p style=\"text-align: left;\">Adem\u00e1s, ARQUIVIGO se compromete a mantener la confidencialidad de los datos y no comunicar\u00e1 ni permitir\u00e1 el acceso a terceros no autorizados.<\/p>\n<p style=\"text-align: left;\"><strong>TUS DERECHOS EN CUANTO A PROTECCI\u00d3N DE DATOS<\/strong><\/p>\n<p style=\"text-align: left;\">La legislaci\u00f3n le reconoce unos derechos como usuario que ha cedido sus datos personales:<\/p>\n<ul style=\"text-align: left;\">\n<li>Acceso a los datos personales.<\/li>\n<li>Rectificaci\u00f3n o supresi\u00f3n.<\/li>\n<li>Oponerse al tratamiento.<\/li>\n<li>Portabilidad de los datos.<\/li>\n<li>Limitaci\u00f3n de su tratamiento.<\/li>\n<\/ul>\n<p style=\"text-align: left;\">El ejercicio de estos derechos es personal. Por lo que solo puedes solicitarlos para los datos de los cuales eres el propietario.<br \/>En el caso de que quieras ejercer alguno de estos derechos puedes hacerlos mediante un mail dirigido a info@arquivigo.com o mediante carta dirigida a ARQUIVIGO direcci\u00f3n Doctor Cadaval 7, 1\u00ba izq. Vigo, indicando los derechos que se quieren ejercer y una prueba de identidad.<\/p>\n<p style=\"text-align: left;\">Nos comprometemos a responder a tu solicitud en un plazo m\u00e1ximo de 30 d\u00edas h\u00e1biles.<\/p>\n<p style=\"text-align: left;\"><strong>LEGITIMACI\u00d3N PARA EL TRATAMIENTO DE DATOS<\/strong><\/p>\n<p style=\"text-align: left;\">La base legal para el tratamiento de tus datos personales es la aceptaci\u00f3n expl\u00edcita del tratamiento, gesti\u00f3n y almacenamiento de los mismos seg\u00fan la presente pol\u00edtica de privacidad.<\/p>\n<p style=\"text-align: left;\"><strong>CONSECUENCIAS DE NO ACEPTAR LA POL\u00cdTICA DE PRIVACIDAD<\/strong><\/p>\n<p style=\"text-align: left;\">En el caso de que no aceptes la gesti\u00f3n de tus datos seg\u00fan la presente pol\u00edtica de privacidad, no se proceder\u00e1 a la recopilaci\u00f3n de los mismos, lo que puede suponer que no se pueda llevar a cabo el servicio prestado por ARQUIVIGO.<\/p>\n<p style=\"text-align: left;\"><strong>AUTORIDAD DE PROTECCI\u00d3N DE DATOS EN ESPA\u00d1A<\/strong><\/p>\n<p style=\"text-align: left;\">En el caso de que quieras hacer valer tus derechos en cuanto a protecci\u00f3n de datos y consideras que no los estamos respetando puedes dirigirte a la autoridad espa\u00f1ola responsable.\u00a0Sitio web de la autoridad de protecci\u00f3n de datos www.agpd.es, correo electr\u00f3nico internacional@agpd.es y el tel\u00e9fono +34 91399 6200<\/p>\n<p style=\"text-align: left;\"><strong>CAMBIOS EN LA POL\u00cdTICA DE PRIVACIDAD<\/strong><\/p>\n<p style=\"text-align: left;\">ARQUIVIGO se reserva el derecho a modificar la presente Pol\u00edtica de Privacidad, estas modificaciones se har\u00e1n conforme a la legislaci\u00f3n y la jurisprudencia y quedar\u00e1n reflejadas en la presente Pol\u00edtica de Privacidad.<\/p>\n","protected":false},"excerpt":{"rendered":"<p>INTRODUCCI\u00d3N JOS\u00c9 RAMILO HERMIDA, en adelante ARQUIVIGO, recopila, trata y almacena informaci\u00f3n personal a trav\u00e9s de la web de su propiedad https:\/\/arquivigo.com. Esta informaci\u00f3n ser\u00e1 relativa a los usuarios de la web. La informaci\u00f3n se recopilar\u00e1, tratar\u00e1 y almacenar\u00e1 conforme a la presente Pol\u00edtica de Privacidad. Esta Pol\u00edtica de Privacidad fue actualizada el 27 de [&hellip;]<\/p>\n","protected":false},"author":1,"featured_media":0,"parent":0,"menu_order":0,"comment_status":"closed","ping_status":"open","template":"","meta":{"_joinchat":[],"footnotes":""},"class_list":["post-3","page","type-page","status-publish","hentry"],"yoast_head":"<!-- This site is optimized with the Yoast SEO plugin v24.9 - https:\/\/yoast.com\/wordpress\/plugins\/seo\/ -->\n<title>Pol\u00edtica de privacidad - Jos\u00e9 Ramilo Hermida<\/title>\n<meta name=\"robots\" content=\"index, follow, max-snippet:-1, max-image-preview:large, max-video-preview:-1\" \/>\n<link rel=\"canonical\" href=\"https:\/\/arquivigo.com\/index.php\/politica-privacidad\/\" \/>\n<meta property=\"og:locale\" content=\"es_ES\" \/>\n<meta property=\"og:type\" content=\"article\" \/>\n<meta property=\"og:title\" content=\"Pol\u00edtica de privacidad - Jos\u00e9 Ramilo Hermida\" \/>\n<meta property=\"og:description\" content=\"INTRODUCCI\u00d3N JOS\u00c9 RAMILO HERMIDA, en adelante ARQUIVIGO, recopila, trata y almacena informaci\u00f3n personal a trav\u00e9s de la web de su propiedad https:\/\/arquivigo.com. Esta informaci\u00f3n ser\u00e1 relativa a los usuarios de la web. La informaci\u00f3n se recopilar\u00e1, tratar\u00e1 y almacenar\u00e1 conforme a la presente Pol\u00edtica de Privacidad. Esta Pol\u00edtica de Privacidad fue actualizada el 27 de [&hellip;]\" \/>\n<meta property=\"og:url\" content=\"https:\/\/arquivigo.com\/index.php\/politica-privacidad\/\" \/>\n<meta property=\"og:site_name\" content=\"Jos\u00e9 Ramilo Hermida\" \/>\n<meta property=\"article:publisher\" content=\"https:\/\/www.facebook.com\/people\/Jos%c3%a9-Ramilo-Arquitectura-e-Ingenier%c3%ada\/100049613451848\/\" \/>\n<meta property=\"article:modified_time\" content=\"2020-11-27T10:51:01+00:00\" \/>\n<meta name=\"twitter:card\" content=\"summary_large_image\" \/>\n<meta name=\"twitter:site\" content=\"@jramiloAT\" \/>\n<meta name=\"twitter:label1\" content=\"Tiempo de lectura\" \/>\n\t<meta name=\"twitter:data1\" content=\"4 minutos\" \/>\n<script type=\"application\/ld+json\" class=\"yoast-schema-graph\">{\"@context\":\"https:\/\/schema.org\",\"@graph\":[{\"@type\":\"WebPage\",\"@id\":\"https:\/\/arquivigo.com\/index.php\/politica-privacidad\/\",\"url\":\"https:\/\/arquivigo.com\/index.php\/politica-privacidad\/\",\"name\":\"Pol\u00edtica de privacidad - Jos\u00e9 Ramilo Hermida\",\"isPartOf\":{\"@id\":\"https:\/\/arquivigo.com\/#website\"},\"datePublished\":\"2020-11-13T18:07:21+00:00\",\"dateModified\":\"2020-11-27T10:51:01+00:00\",\"breadcrumb\":{\"@id\":\"https:\/\/arquivigo.com\/index.php\/politica-privacidad\/#breadcrumb\"},\"inLanguage\":\"es\",\"potentialAction\":[{\"@type\":\"ReadAction\",\"target\":[\"https:\/\/arquivigo.com\/index.php\/politica-privacidad\/\"]}]},{\"@type\":\"BreadcrumbList\",\"@id\":\"https:\/\/arquivigo.com\/index.php\/politica-privacidad\/#breadcrumb\",\"itemListElement\":[{\"@type\":\"ListItem\",\"position\":1,\"name\":\"Portada\",\"item\":\"https:\/\/arquivigo.com\/\"},{\"@type\":\"ListItem\",\"position\":2,\"name\":\"Pol\u00edtica de privacidad\"}]},{\"@type\":\"WebSite\",\"@id\":\"https:\/\/arquivigo.com\/#website\",\"url\":\"https:\/\/arquivigo.com\/\",\"name\":\"arquivigo\",\"description\":\"Arquitecto t\u00e9cnico resolutivo\",\"publisher\":{\"@id\":\"https:\/\/arquivigo.com\/#organization\"},\"potentialAction\":[{\"@type\":\"SearchAction\",\"target\":{\"@type\":\"EntryPoint\",\"urlTemplate\":\"https:\/\/arquivigo.com\/?s={search_term_string}\"},\"query-input\":{\"@type\":\"PropertyValueSpecification\",\"valueRequired\":true,\"valueName\":\"search_term_string\"}}],\"inLanguage\":\"es\"},{\"@type\":\"Organization\",\"@id\":\"https:\/\/arquivigo.com\/#organization\",\"name\":\"Arquivigo\",\"url\":\"https:\/\/arquivigo.com\/\",\"logo\":{\"@type\":\"ImageObject\",\"inLanguage\":\"es\",\"@id\":\"https:\/\/arquivigo.com\/#\/schema\/logo\/image\/\",\"url\":\"https:\/\/arquivigo.com\/wp-content\/uploads\/2020\/09\/logo-400-sin-fondo.png\",\"contentUrl\":\"https:\/\/arquivigo.com\/wp-content\/uploads\/2020\/09\/logo-400-sin-fondo.png\",\"width\":400,\"height\":93,\"caption\":\"Arquivigo\"},\"image\":{\"@id\":\"https:\/\/arquivigo.com\/#\/schema\/logo\/image\/\"},\"sameAs\":[\"https:\/\/www.facebook.com\/people\/Jos\u00e9-Ramilo-Arquitectura-e-Ingenier\u00eda\/100049613451848\/\",\"https:\/\/x.com\/jramiloAT\",\"https:\/\/www.instagram.com\/arquivigo\/\",\"https:\/\/www.linkedin.com\/in\/jos\u00e9-ramilo-hermida-b8802525\/\"]}]}<\/script>\n<!-- \/ Yoast SEO plugin. -->","yoast_head_json":{"title":"Pol\u00edtica de privacidad - Jos\u00e9 Ramilo Hermida","robots":{"index":"index","follow":"follow","max-snippet":"max-snippet:-1","max-image-preview":"max-image-preview:large","max-video-preview":"max-video-preview:-1"},"canonical":"https:\/\/arquivigo.com\/index.php\/politica-privacidad\/","og_locale":"es_ES","og_type":"article","og_title":"Pol\u00edtica de privacidad - Jos\u00e9 Ramilo Hermida","og_description":"INTRODUCCI\u00d3N JOS\u00c9 RAMILO HERMIDA, en adelante ARQUIVIGO, recopila, trata y almacena informaci\u00f3n personal a trav\u00e9s de la web de su propiedad https:\/\/arquivigo.com. Esta informaci\u00f3n ser\u00e1 relativa a los usuarios de la web. La informaci\u00f3n se recopilar\u00e1, tratar\u00e1 y almacenar\u00e1 conforme a la presente Pol\u00edtica de Privacidad. Esta Pol\u00edtica de Privacidad fue actualizada el 27 de [&hellip;]","og_url":"https:\/\/arquivigo.com\/index.php\/politica-privacidad\/","og_site_name":"Jos\u00e9 Ramilo Hermida","article_publisher":"https:\/\/www.facebook.com\/people\/Jos%c3%a9-Ramilo-Arquitectura-e-Ingenier%c3%ada\/100049613451848\/","article_modified_time":"2020-11-27T10:51:01+00:00","twitter_card":"summary_large_image","twitter_site":"@jramiloAT","twitter_misc":{"Tiempo de lectura":"4 minutos"},"schema":{"@context":"https:\/\/schema.org","@graph":[{"@type":"WebPage","@id":"https:\/\/arquivigo.com\/index.php\/politica-privacidad\/","url":"https:\/\/arquivigo.com\/index.php\/politica-privacidad\/","name":"Pol\u00edtica de privacidad - Jos\u00e9 Ramilo Hermida","isPartOf":{"@id":"https:\/\/arquivigo.com\/#website"},"datePublished":"2020-11-13T18:07:21+00:00","dateModified":"2020-11-27T10:51:01+00:00","breadcrumb":{"@id":"https:\/\/arquivigo.com\/index.php\/politica-privacidad\/#breadcrumb"},"inLanguage":"es","potentialAction":[{"@type":"ReadAction","target":["https:\/\/arquivigo.com\/index.php\/politica-privacidad\/"]}]},{"@type":"BreadcrumbList","@id":"https:\/\/arquivigo.com\/index.php\/politica-privacidad\/#breadcrumb","itemListElement":[{"@type":"ListItem","position":1,"name":"Portada","item":"https:\/\/arquivigo.com\/"},{"@type":"ListItem","position":2,"name":"Pol\u00edtica de privacidad"}]},{"@type":"WebSite","@id":"https:\/\/arquivigo.com\/#website","url":"https:\/\/arquivigo.com\/","name":"arquivigo","description":"Arquitecto t\u00e9cnico resolutivo","publisher":{"@id":"https:\/\/arquivigo.com\/#organization"},"potentialAction":[{"@type":"SearchAction","target":{"@type":"EntryPoint","urlTemplate":"https:\/\/arquivigo.com\/?s={search_term_string}"},"query-input":{"@type":"PropertyValueSpecification","valueRequired":true,"valueName":"search_term_string"}}],"inLanguage":"es"},{"@type":"Organization","@id":"https:\/\/arquivigo.com\/#organization","name":"Arquivigo","url":"https:\/\/arquivigo.com\/","logo":{"@type":"ImageObject","inLanguage":"es","@id":"https:\/\/arquivigo.com\/#\/schema\/logo\/image\/","url":"https:\/\/arquivigo.com\/wp-content\/uploads\/2020\/09\/logo-400-sin-fondo.png","contentUrl":"https:\/\/arquivigo.com\/wp-content\/uploads\/2020\/09\/logo-400-sin-fondo.png","width":400,"height":93,"caption":"Arquivigo"},"image":{"@id":"https:\/\/arquivigo.com\/#\/schema\/logo\/image\/"},"sameAs":["https:\/\/www.facebook.com\/people\/Jos\u00e9-Ramilo-Arquitectura-e-Ingenier\u00eda\/100049613451848\/","https:\/\/x.com\/jramiloAT","https:\/\/www.instagram.com\/arquivigo\/","https:\/\/www.linkedin.com\/in\/jos\u00e9-ramilo-hermida-b8802525\/"]}]}},"_links":{"self":[{"href":"https:\/\/arquivigo.com\/index.php\/wp-json\/wp\/v2\/pages\/3","targetHints":{"allow":["GET"]}}],"collection":[{"href":"https:\/\/arquivigo.com\/index.php\/wp-json\/wp\/v2\/pages"}],"about":[{"href":"https:\/\/arquivigo.com\/index.php\/wp-json\/wp\/v2\/types\/page"}],"author":[{"embeddable":true,"href":"https:\/\/arquivigo.com\/index.php\/wp-json\/wp\/v2\/users\/1"}],"replies":[{"embeddable":true,"href":"https:\/\/arquivigo.com\/index.php\/wp-json\/wp\/v2\/comments?post=3"}],"version-history":[{"count":1,"href":"https:\/\/arquivigo.com\/index.php\/wp-json\/wp\/v2\/pages\/3\/revisions"}],"predecessor-version":[{"id":1111,"href":"https:\/\/arquivigo.com\/index.php\/wp-json\/wp\/v2\/pages\/3\/revisions\/1111"}],"wp:attachment":[{"href":"https:\/\/arquivigo.com\/index.php\/wp-json\/wp\/v2\/media?parent=3"}],"curies":[{"name":"wp","href":"https:\/\/api.w.org\/{rel}","templated":true}]}}