{"id":7,"date":"2016-01-27T09:39:54","date_gmt":"2016-01-27T09:39:54","guid":{"rendered":"http:\/\/avadafreelance.wpengine.com\/?page_id=7"},"modified":"2025-04-18T16:19:48","modified_gmt":"2025-04-18T14:19:48","slug":"web-design-articles","status":"publish","type":"page","link":"https:\/\/arquivigo.com\/index.php\/web-design-articles\/","title":{"rendered":"Web Design Articles"},"content":{"rendered":"<p><div class=\"fusion-fullwidth fullwidth-box fusion-builder-row-1 fusion-flex-container nonhundred-percent-fullwidth non-hundred-percent-height-scrolling\" style=\"background-color: #20232c;background-position: left top;background-repeat: no-repeat;border-width: 0px 0px 0px 0px;border-color:rgba(255,255,255,0);border-style:solid;\" ><div class=\"fusion-builder-row fusion-row fusion-flex-align-items-flex-start\" style=\"max-width:1216.8px;margin-left: calc(-4% \/ 2 );margin-right: calc(-4% \/ 2 );\"><div class=\"fusion-layout-column fusion_builder_column fusion-builder-column-0 fusion_builder_column_1_2 1_2 fusion-flex-column\"><div class=\"fusion-column-wrapper fusion-flex-justify-content-flex-start fusion-content-layout-column\" style=\"background-position:left top;background-repeat:no-repeat;-webkit-background-size:cover;-moz-background-size:cover;-o-background-size:cover;background-size:cover;padding: 0px 0px 0px 0px;\"><div class=\"fusion-recent-posts fusion-recent-posts-1 avada-container layout-default layout-columns-1\"><section class=\"fusion-columns columns fusion-columns-1 columns-1\"><article class=\"post fusion-column column col col-lg-12 col-md-12 col-sm-12\"><div class=\"fusion-flexslider fusion-flexslider-loading flexslider flexslider-hover-type-none\"><ul class=\"slides\"><li><a href=\"https:\/\/arquivigo.com\/index.php\/2021\/01\/03\/duplica-numero-licencias-obra-nueva\/\" aria-label=\"Sanxenxo casi duplica el n\u00famero de licencias para obra nueva\" class=\"hover-type-none\"><img decoding=\"async\" width=\"700\" height=\"441\" src=\"https:\/\/arquivigo.com\/wp-content\/uploads\/2021\/01\/sanxenxo-vista-aerea-ramilo-700x441.jpg\" class=\"attachment-recent-posts size-recent-posts\" alt=\"\" srcset=\"https:\/\/arquivigo.com\/wp-content\/uploads\/2021\/01\/sanxenxo-vista-aerea-ramilo-320x202.jpg 320w, https:\/\/arquivigo.com\/wp-content\/uploads\/2021\/01\/sanxenxo-vista-aerea-ramilo-700x441.jpg 700w\" sizes=\"(max-width: 700px) 100vw, 700px\" \/><\/a><\/li><\/ul><\/div><div class=\"recent-posts-content\"><span class=\"vcard\" style=\"display: none;\"><span class=\"fn\"><a href=\"https:\/\/arquivigo.com\/index.php\/author\/admin\/\" title=\"Entradas de 4rquivig0\" rel=\"author\">4rquivig0<\/a><\/span><\/span><span class=\"updated\" style=\"display:none;\">2021-01-03T13:23:06+01:00<\/span><h4 class=\"entry-title\"><a href=\"https:\/\/arquivigo.com\/index.php\/2021\/01\/03\/duplica-numero-licencias-obra-nueva\/\">Sanxenxo casi duplica el n\u00famero de licencias para obra nueva<\/a><\/h4><p>No todo son malas noticias en 2020, pues el sector de la construcci\u00f3n ha crecido, de forma diferente seg\u00fan el territorio. El ejemplo de Sanxenxo Un buen ejemplo es el concello de Sanxenxo quien concedi\u00f3<\/p><\/div><\/article><\/section><\/div><\/div><\/div><style type=\"text\/css\">.fusion-body .fusion-builder-column-0{width:50% !important;margin-top : 60px;margin-bottom : 10px;}.fusion-builder-column-0 > .fusion-column-wrapper {padding-top : 0px !important;padding-right : 0px !important;margin-right : 4.8%;padding-bottom : 0px !important;padding-left : 0px !important;margin-left : 3.84%;}@media only screen and (max-width:800px) {.fusion-body .fusion-builder-column-0{width:100% !important;}.fusion-builder-column-0 > .fusion-column-wrapper {margin-right : 1.92%;margin-left : 1.92%;}}@media only screen and (max-width:640px) {.fusion-body .fusion-builder-column-0{width:100% !important;}.fusion-builder-column-0 > .fusion-column-wrapper {margin-right : 1.92%;margin-left : 1.92%;}}<\/style><div class=\"fusion-layout-column fusion_builder_column fusion-builder-column-1 fusion_builder_column_1_2 1_2 fusion-flex-column\"><div class=\"fusion-column-wrapper fusion-flex-justify-content-flex-start fusion-content-layout-column\" style=\"background-position:left top;background-repeat:no-repeat;-webkit-background-size:cover;-moz-background-size:cover;-o-background-size:cover;background-size:cover;padding: 0px 0px 0px 0px;\"><div class=\"fusion-recent-posts fusion-recent-posts-2 avada-container layout-thumbnails-on-side layout-columns-1\"><section class=\"fusion-columns columns fusion-columns-1 columns-1\"><article class=\"post fusion-column column col col-lg-12 col-md-12 col-sm-12\"><div class=\"fusion-flexslider fusion-flexslider-loading flexslider floated-slideshow flexslider-hover-type-none\"><ul class=\"slides\"><li><a href=\"https:\/\/arquivigo.com\/index.php\/2021\/01\/03\/duplica-numero-licencias-obra-nueva\/\" aria-label=\"Sanxenxo casi duplica el n\u00famero de licencias para obra nueva\" class=\"hover-type-none\"><img decoding=\"async\" width=\"177\" height=\"142\" src=\"https:\/\/arquivigo.com\/wp-content\/uploads\/2021\/01\/sanxenxo-vista-aerea-ramilo-177x142.jpg\" class=\"attachment-portfolio-five size-portfolio-five\" alt=\"\" \/><\/a><\/li><\/ul><\/div><div class=\"recent-posts-content\"><span class=\"vcard\" style=\"display: none;\"><span class=\"fn\"><a href=\"https:\/\/arquivigo.com\/index.php\/author\/admin\/\" title=\"Entradas de 4rquivig0\" rel=\"author\">4rquivig0<\/a><\/span><\/span><span class=\"updated\" style=\"display:none;\">2021-01-03T13:23:06+01:00<\/span><h4 class=\"entry-title\"><a href=\"https:\/\/arquivigo.com\/index.php\/2021\/01\/03\/duplica-numero-licencias-obra-nueva\/\">Sanxenxo casi duplica el n\u00famero de licencias para obra nueva<\/a><\/h4><p>No todo son malas noticias en 2020, pues el sector de la construcci\u00f3n ha crecido, de forma diferente seg\u00fan el<\/p><\/div><\/article><article class=\"post fusion-column column col col-lg-12 col-md-12 col-sm-12\"><div class=\"fusion-flexslider fusion-flexslider-loading flexslider floated-slideshow flexslider-hover-type-none\"><ul class=\"slides\"><li><a href=\"https:\/\/arquivigo.com\/index.php\/2020\/12\/18\/la-figura-del-aparejador\/\" aria-label=\"La figura del aparejador\" class=\"hover-type-none\"><img decoding=\"async\" width=\"177\" height=\"142\" src=\"https:\/\/arquivigo.com\/wp-content\/uploads\/2020\/12\/side-view-men-working-with-masks-177x142.jpg\" class=\"attachment-portfolio-five size-portfolio-five\" alt=\"\" \/><\/a><\/li><\/ul><\/div><div class=\"recent-posts-content\"><span class=\"vcard\" style=\"display: none;\"><span class=\"fn\"><a href=\"https:\/\/arquivigo.com\/index.php\/author\/admin\/\" title=\"Entradas de 4rquivig0\" rel=\"author\">4rquivig0<\/a><\/span><\/span><span class=\"updated\" style=\"display:none;\">2020-12-18T20:02:42+01:00<\/span><h4 class=\"entry-title\"><a href=\"https:\/\/arquivigo.com\/index.php\/2020\/12\/18\/la-figura-del-aparejador\/\">La figura del aparejador<\/a><\/h4><p>Jos\u00e9 Arcos expone directrices y consejos al respecto de los profesionales de la Arquitectura T\u00e9cnica. Adem\u00e1s de ser \"un servicio<\/p><\/div><\/article><article class=\"post fusion-column column col col-lg-12 col-md-12 col-sm-12\"><div class=\"fusion-flexslider fusion-flexslider-loading flexslider floated-slideshow flexslider-hover-type-none\"><ul class=\"slides\"><li><a href=\"https:\/\/arquivigo.com\/index.php\/2020\/12\/07\/5-mejores-libros-de-arquitectura\/\" aria-label=\"5 mejores libros de arquitectura\" class=\"hover-type-none\"><img decoding=\"async\" width=\"177\" height=\"142\" src=\"https:\/\/arquivigo.com\/wp-content\/uploads\/2020\/12\/valencia-ojo-177x142.jpg\" class=\"attachment-portfolio-five size-portfolio-five\" alt=\"\" \/><\/a><\/li><\/ul><\/div><div class=\"recent-posts-content\"><span class=\"vcard\" style=\"display: none;\"><span class=\"fn\"><a href=\"https:\/\/arquivigo.com\/index.php\/author\/admin\/\" title=\"Entradas de 4rquivig0\" rel=\"author\">4rquivig0<\/a><\/span><\/span><span class=\"updated\" style=\"display:none;\">2020-12-07T17:00:08+01:00<\/span><h4 class=\"entry-title\"><a href=\"https:\/\/arquivigo.com\/index.php\/2020\/12\/07\/5-mejores-libros-de-arquitectura\/\">5 mejores libros de arquitectura<\/a><\/h4><p>La arquitectura es una combinaci\u00f3n entre el arte y la ciencia para crear espacios hermosos y \u00fanicos, elige uno de<\/p><\/div><\/article><\/section><\/div><\/div><\/div><style type=\"text\/css\">.fusion-body .fusion-builder-column-1{width:50% !important;margin-top : 60px;margin-bottom : 10px;}.fusion-builder-column-1 > .fusion-column-wrapper {padding-top : 0px !important;padding-right : 0px !important;margin-right : 3.84%;padding-bottom : 0px !important;padding-left : 0px !important;margin-left : 4.8%;}@media only screen and (max-width:800px) {.fusion-body .fusion-builder-column-1{width:100% !important;}.fusion-builder-column-1 > .fusion-column-wrapper {margin-right : 1.92%;margin-left : 1.92%;}}@media only screen and (max-width:640px) {.fusion-body .fusion-builder-column-1{width:100% !important;}.fusion-builder-column-1 > .fusion-column-wrapper {margin-right : 1.92%;margin-left : 1.92%;}}<\/style><\/div><style type=\"text\/css\">.fusion-body .fusion-flex-container.fusion-builder-row-1{ padding-top : 0px;margin-top : 0px;padding-right : 0px;padding-bottom : 3%;margin-bottom : 0px;padding-left : 0px;}<\/style><\/div><div class=\"fusion-fullwidth fullwidth-box fusion-builder-row-2 fusion-flex-container hundred-percent-fullwidth non-hundred-percent-height-scrolling\" style=\"background-color: #191c23;background-position: left top;background-repeat: no-repeat;border-width: 0px 0px 0px 0px;border-color:rgba(255,255,255,0);border-style:solid;\" ><div class=\"fusion-builder-row fusion-row fusion-flex-align-items-flex-start\" style=\"width:calc( 100% + 0px ) !important;max-width:calc( 100% + 0px ) !important;margin-left: calc(-0px \/ 2 );margin-right: calc(-0px \/ 2 );\"><div class=\"fusion-layout-column fusion_builder_column fusion-builder-column-2 fusion_builder_column_1_1 1_1 fusion-flex-column\"><div class=\"fusion-column-wrapper fusion-flex-justify-content-flex-start fusion-content-layout-column\" style=\"background-position:left top;background-repeat:no-repeat;-webkit-background-size:cover;-moz-background-size:cover;-o-background-size:cover;background-size:cover;padding: 0px 0px 0px 0px;\"><div class=\"fusion-blog-shortcode fusion-blog-shortcode-1 fusion-blog-archive fusion-blog-layout-grid-wrapper fusion-blog-infinite\"><style type=\"text\/css\">.fusion-blog-shortcode-1 .fusion-blog-layout-grid .fusion-post-grid{padding:0px;}.fusion-blog-shortcode-1 .fusion-posts-container{margin-left: -0px !important; margin-right:-0px !important;}<\/style><div class=\"fusion-posts-container fusion-posts-container-infinite fusion-no-meta-info fusion-blog-rollover fusion-blog-layout-grid fusion-blog-layout-grid-3 isotope\" data-pages=\"2\" data-grid-col-space=\"0.0\" style=\"margin: -0px -0px 0;min-height:500px;\"><article id=\"blog-1-post-1185\" class=\"fusion-post-grid post-1185 post type-post status-publish format-standard has-post-thumbnail hentry category-inversion\">\n<div class=\"fusion-post-wrapper\" style=\"background-color:rgba(255,255,255,0);border:none;\">\n\n\t\t\t<div class=\"fusion-flexslider flexslider fusion-flexslider-loading fusion-post-slideshow\" style=\"border-color:rgba(29,32,40,0);\">\n\t\t<ul class=\"slides\">\n\t\t\t\n\t\t\t\t\t\t\t\t\t\t\t\t\t\t<li>\n\n<div  class=\"fusion-image-wrapper\" aria-haspopup=\"true\">\n\t\n\t\n\t\t\n\t\t\t\t\t<img decoding=\"async\" width=\"1100\" height=\"726\" src=\"https:\/\/arquivigo.com\/wp-content\/uploads\/2021\/01\/sanxenxo-vista-aerea-ramilo.jpg\" class=\"attachment-full size-full wp-post-image\" alt=\"\" srcset=\"https:\/\/arquivigo.com\/wp-content\/uploads\/2021\/01\/sanxenxo-vista-aerea-ramilo-200x132.jpg 200w, https:\/\/arquivigo.com\/wp-content\/uploads\/2021\/01\/sanxenxo-vista-aerea-ramilo-400x264.jpg 400w, https:\/\/arquivigo.com\/wp-content\/uploads\/2021\/01\/sanxenxo-vista-aerea-ramilo-600x396.jpg 600w, https:\/\/arquivigo.com\/wp-content\/uploads\/2021\/01\/sanxenxo-vista-aerea-ramilo-800x528.jpg 800w, https:\/\/arquivigo.com\/wp-content\/uploads\/2021\/01\/sanxenxo-vista-aerea-ramilo.jpg 1100w\" sizes=\"(min-width: 2200px) 100vw, (min-width: 824px) 390px, (min-width: 732px) 585px, (min-width: 640px) 732px, \" \/>\n\t\n\n\t\t<div class=\"fusion-rollover\">\n\t<div class=\"fusion-rollover-content\">\n\n\t\t\t\t\n\t\t\t\t\n\t\t\t\t\t\t\t\t\t\t\t\t<h4 class=\"fusion-rollover-title\">\n\t\t\t\t\t<a class=\"fusion-rollover-title-link\" href=\"https:\/\/arquivigo.com\/index.php\/2021\/01\/03\/duplica-numero-licencias-obra-nueva\/\">\n\t\t\t\t\t\tSanxenxo casi duplica el n\u00famero de licencias para obra nueva\t\t\t\t\t<\/a>\n\t\t\t\t<\/h4>\n\t\t\t\n\t\t\t\t\t\t\t\t\n\t\t\n\t\t\t\t<a class=\"fusion-link-wrapper\" href=\"https:\/\/arquivigo.com\/index.php\/2021\/01\/03\/duplica-numero-licencias-obra-nueva\/\" aria-label=\"Sanxenxo casi duplica el n\u00famero de licencias para obra nueva\"><\/a>\n\t<\/div>\n<\/div>\n\n\t\n<\/div>\n<\/li>\n\t\t\t\n\t\t\t\n\t\t\t\t\t\t\t\t\t\t\t\t\t\t\t\t\t\t\t\t\t\t\t\t\t\t\t\t\t\t\t\t\t\t\t\t\t\t\t\t\t\t\t\t\t\t\t\t\t\t\t\t\t\t\t\t\t\t\t\t\t\t\t\t\t\t\t\t<\/ul>\n\t<\/div>\n\t<div class=\"fusion-post-content-wrapper\" style=\"padding:30px 25px 20px 25px;\"><div class=\"fusion-post-content post-content\"><h2 class=\"blog-shortcode-post-title entry-title\"><a href=\"https:\/\/arquivigo.com\/index.php\/2021\/01\/03\/duplica-numero-licencias-obra-nueva\/\">Sanxenxo casi duplica el n\u00famero de licencias para obra nueva<\/a><\/h2><div class=\"fusion-post-content-container\"><p>No todo son malas noticias en 2020, pues el sector de la construcci\u00f3n ha crecido, de forma diferente seg\u00fan el territorio. El ejemplo de Sanxenxo Un buen ejemplo es el concello de Sanxenxo quien concedi\u00f3 un total de veinte licencias para la construcci\u00f3n de vivienda unifamiliar; esta cifra es superior<\/p><\/div><\/div><\/div><div class=\"fusion-clearfix\"><\/div><\/div>\n<\/article>\n<article id=\"blog-1-post-1180\" class=\"fusion-post-grid post-1180 post type-post status-publish format-standard has-post-thumbnail hentry category-legislacion tag-aparejador tag-obra-nueva tag-reforma\">\n<div class=\"fusion-post-wrapper\" style=\"background-color:rgba(255,255,255,0);border:none;\">\n\n\t\t\t<div class=\"fusion-flexslider flexslider fusion-flexslider-loading fusion-post-slideshow\" style=\"border-color:rgba(29,32,40,0);\">\n\t\t<ul class=\"slides\">\n\t\t\t\n\t\t\t\t\t\t\t\t\t\t\t\t\t\t<li>\n\n<div  class=\"fusion-image-wrapper\" aria-haspopup=\"true\">\n\t\n\t\n\t\t\n\t\t\t\t\t<img decoding=\"async\" width=\"2560\" height=\"1707\" src=\"https:\/\/arquivigo.com\/wp-content\/uploads\/2020\/12\/side-view-men-working-with-masks-scaled.jpg\" class=\"attachment-full size-full wp-post-image\" alt=\"\" srcset=\"https:\/\/arquivigo.com\/wp-content\/uploads\/2020\/12\/side-view-men-working-with-masks-200x133.jpg 200w, https:\/\/arquivigo.com\/wp-content\/uploads\/2020\/12\/side-view-men-working-with-masks-400x267.jpg 400w, https:\/\/arquivigo.com\/wp-content\/uploads\/2020\/12\/side-view-men-working-with-masks-600x400.jpg 600w, https:\/\/arquivigo.com\/wp-content\/uploads\/2020\/12\/side-view-men-working-with-masks-800x533.jpg 800w, https:\/\/arquivigo.com\/wp-content\/uploads\/2020\/12\/side-view-men-working-with-masks-1200x800.jpg 1200w, https:\/\/arquivigo.com\/wp-content\/uploads\/2020\/12\/side-view-men-working-with-masks-scaled.jpg 2560w\" sizes=\"(min-width: 2200px) 100vw, (min-width: 824px) 390px, (min-width: 732px) 585px, (min-width: 640px) 732px, \" \/>\n\t\n\n\t\t<div class=\"fusion-rollover\">\n\t<div class=\"fusion-rollover-content\">\n\n\t\t\t\t\n\t\t\t\t\n\t\t\t\t\t\t\t\t\t\t\t\t<h4 class=\"fusion-rollover-title\">\n\t\t\t\t\t<a class=\"fusion-rollover-title-link\" href=\"https:\/\/arquivigo.com\/index.php\/2020\/12\/18\/la-figura-del-aparejador\/\">\n\t\t\t\t\t\tLa figura del aparejador\t\t\t\t\t<\/a>\n\t\t\t\t<\/h4>\n\t\t\t\n\t\t\t\t\t\t\t\t\n\t\t\n\t\t\t\t<a class=\"fusion-link-wrapper\" href=\"https:\/\/arquivigo.com\/index.php\/2020\/12\/18\/la-figura-del-aparejador\/\" aria-label=\"La figura del aparejador\"><\/a>\n\t<\/div>\n<\/div>\n\n\t\n<\/div>\n<\/li>\n\t\t\t\n\t\t\t\n\t\t\t\t\t\t\t\t\t\t\t\t\t\t\t\t\t\t\t\t\t\t\t\t\t\t\t\t\t\t\t\t\t\t\t\t\t\t\t\t\t\t\t\t\t\t\t\t\t\t\t\t\t\t\t\t\t\t\t\t\t\t\t\t\t\t\t\t<\/ul>\n\t<\/div>\n\t<div class=\"fusion-post-content-wrapper\" style=\"padding:30px 25px 20px 25px;\"><div class=\"fusion-post-content post-content\"><h2 class=\"blog-shortcode-post-title entry-title\"><a href=\"https:\/\/arquivigo.com\/index.php\/2020\/12\/18\/la-figura-del-aparejador\/\">La figura del aparejador<\/a><\/h2><div class=\"fusion-post-content-container\"><p>Jos\u00e9 Arcos expone directrices y consejos al respecto de los profesionales de la Arquitectura T\u00e9cnica. Adem\u00e1s de ser \"un servicio muy reconocido\" indica que \"cualquier empresa, administraci\u00f3n, relacionada con el sector de la edificaci\u00f3n o incluso particulares que conozcan la realidad de una obra, valora y cuenta con los profesionales<\/p><\/div><\/div><\/div><div class=\"fusion-clearfix\"><\/div><\/div>\n<\/article>\n<article id=\"blog-1-post-1121\" class=\"fusion-post-grid post-1121 post type-post status-publish format-standard has-post-thumbnail hentry category-diseno category-retos-constructivos\">\n<div class=\"fusion-post-wrapper\" style=\"background-color:rgba(255,255,255,0);border:none;\">\n\n\t\t\t<div class=\"fusion-flexslider flexslider fusion-flexslider-loading fusion-post-slideshow\" style=\"border-color:rgba(29,32,40,0);\">\n\t\t<ul class=\"slides\">\n\t\t\t\n\t\t\t\t\t\t\t\t\t\t\t\t\t\t<li>\n\n<div  class=\"fusion-image-wrapper\" aria-haspopup=\"true\">\n\t\n\t\n\t\t\n\t\t\t\t\t<img decoding=\"async\" width=\"960\" height=\"642\" src=\"https:\/\/arquivigo.com\/wp-content\/uploads\/2020\/12\/valencia-ojo.jpg\" class=\"attachment-full size-full wp-post-image\" alt=\"\" srcset=\"https:\/\/arquivigo.com\/wp-content\/uploads\/2020\/12\/valencia-ojo-200x134.jpg 200w, https:\/\/arquivigo.com\/wp-content\/uploads\/2020\/12\/valencia-ojo-400x268.jpg 400w, https:\/\/arquivigo.com\/wp-content\/uploads\/2020\/12\/valencia-ojo-600x401.jpg 600w, https:\/\/arquivigo.com\/wp-content\/uploads\/2020\/12\/valencia-ojo-800x535.jpg 800w, https:\/\/arquivigo.com\/wp-content\/uploads\/2020\/12\/valencia-ojo.jpg 960w\" sizes=\"(min-width: 2200px) 100vw, (min-width: 824px) 390px, (min-width: 732px) 585px, (min-width: 640px) 732px, \" \/>\n\t\n\n\t\t<div class=\"fusion-rollover\">\n\t<div class=\"fusion-rollover-content\">\n\n\t\t\t\t\n\t\t\t\t\n\t\t\t\t\t\t\t\t\t\t\t\t<h4 class=\"fusion-rollover-title\">\n\t\t\t\t\t<a class=\"fusion-rollover-title-link\" href=\"https:\/\/arquivigo.com\/index.php\/2020\/12\/07\/5-mejores-libros-de-arquitectura\/\">\n\t\t\t\t\t\t5 mejores libros de arquitectura\t\t\t\t\t<\/a>\n\t\t\t\t<\/h4>\n\t\t\t\n\t\t\t\t\t\t\t\t\n\t\t\n\t\t\t\t<a class=\"fusion-link-wrapper\" href=\"https:\/\/arquivigo.com\/index.php\/2020\/12\/07\/5-mejores-libros-de-arquitectura\/\" aria-label=\"5 mejores libros de arquitectura\"><\/a>\n\t<\/div>\n<\/div>\n\n\t\n<\/div>\n<\/li>\n\t\t\t\n\t\t\t\n\t\t\t\t\t\t\t\t\t\t\t\t\t\t\t\t\t\t\t\t\t\t\t\t\t\t\t\t\t\t\t\t\t\t\t\t\t\t\t\t\t\t\t\t\t\t\t\t\t\t\t\t\t\t\t\t\t\t\t\t\t\t\t\t\t\t\t\t<\/ul>\n\t<\/div>\n\t<div class=\"fusion-post-content-wrapper\" style=\"padding:30px 25px 20px 25px;\"><div class=\"fusion-post-content post-content\"><h2 class=\"blog-shortcode-post-title entry-title\"><a href=\"https:\/\/arquivigo.com\/index.php\/2020\/12\/07\/5-mejores-libros-de-arquitectura\/\">5 mejores libros de arquitectura<\/a><\/h2><div class=\"fusion-post-content-container\"><p>La arquitectura es una combinaci\u00f3n entre el arte y la ciencia para crear espacios hermosos y \u00fanicos, elige uno de estos incre\u00edbles libros y convi\u00e9rtete en el mejor arquitecto del mundo. Seguir el enlace en Xombit<\/p><\/div><\/div><\/div><div class=\"fusion-clearfix\"><\/div><\/div>\n<\/article>\n<article id=\"blog-1-post-1116\" class=\"fusion-post-grid post-1116 post type-post status-publish format-standard has-post-thumbnail hentry category-legislacion\">\n<div class=\"fusion-post-wrapper\" style=\"background-color:rgba(255,255,255,0);border:none;\">\n\n\t\t\t<div class=\"fusion-flexslider flexslider fusion-flexslider-loading fusion-post-slideshow\" style=\"border-color:rgba(29,32,40,0);\">\n\t\t<ul class=\"slides\">\n\t\t\t\n\t\t\t\t\t\t\t\t\t\t\t\t\t\t<li>\n\n<div  class=\"fusion-image-wrapper\" aria-haspopup=\"true\">\n\t\n\t\n\t\t\n\t\t\t\t\t<img decoding=\"async\" width=\"2560\" height=\"1707\" src=\"https:\/\/arquivigo.com\/wp-content\/uploads\/2020\/12\/consello-da-Xunta-scaled.jpg\" class=\"attachment-full size-full wp-post-image\" alt=\"\" srcset=\"https:\/\/arquivigo.com\/wp-content\/uploads\/2020\/12\/consello-da-Xunta-200x133.jpg 200w, https:\/\/arquivigo.com\/wp-content\/uploads\/2020\/12\/consello-da-Xunta-400x267.jpg 400w, https:\/\/arquivigo.com\/wp-content\/uploads\/2020\/12\/consello-da-Xunta-600x400.jpg 600w, https:\/\/arquivigo.com\/wp-content\/uploads\/2020\/12\/consello-da-Xunta-800x533.jpg 800w, https:\/\/arquivigo.com\/wp-content\/uploads\/2020\/12\/consello-da-Xunta-1200x800.jpg 1200w, https:\/\/arquivigo.com\/wp-content\/uploads\/2020\/12\/consello-da-Xunta-scaled.jpg 2560w\" sizes=\"(min-width: 2200px) 100vw, (min-width: 824px) 390px, (min-width: 732px) 585px, (min-width: 640px) 732px, \" \/>\n\t\n\n\t\t<div class=\"fusion-rollover\">\n\t<div class=\"fusion-rollover-content\">\n\n\t\t\t\t\n\t\t\t\t\n\t\t\t\t\t\t\t\t\t\t\t\t<h4 class=\"fusion-rollover-title\">\n\t\t\t\t\t<a class=\"fusion-rollover-title-link\" href=\"https:\/\/arquivigo.com\/index.php\/2020\/12\/04\/ley-arquitectura-galicia\/\">\n\t\t\t\t\t\tLey de Arquitectura para Galicia\t\t\t\t\t<\/a>\n\t\t\t\t<\/h4>\n\t\t\t\n\t\t\t\t\t\t\t\t\n\t\t\n\t\t\t\t<a class=\"fusion-link-wrapper\" href=\"https:\/\/arquivigo.com\/index.php\/2020\/12\/04\/ley-arquitectura-galicia\/\" aria-label=\"Ley de Arquitectura para Galicia\"><\/a>\n\t<\/div>\n<\/div>\n\n\t\n<\/div>\n<\/li>\n\t\t\t\n\t\t\t\n\t\t\t\t\t\t\t\t\t\t\t\t\t\t\t\t\t\t\t\t\t\t\t\t\t\t\t\t\t\t\t\t\t\t\t\t\t\t\t\t\t\t\t\t\t\t\t\t\t\t\t\t\t\t\t\t\t\t\t\t\t\t\t\t\t\t\t\t<\/ul>\n\t<\/div>\n\t<div class=\"fusion-post-content-wrapper\" style=\"padding:30px 25px 20px 25px;\"><div class=\"fusion-post-content post-content\"><h2 class=\"blog-shortcode-post-title entry-title\"><a href=\"https:\/\/arquivigo.com\/index.php\/2020\/12\/04\/ley-arquitectura-galicia\/\">Ley de Arquitectura para Galicia<\/a><\/h2><div class=\"fusion-post-content-container\"><p>La Xunta ha dado el primer paso para que Galicia se dote de la primera Ley de arquitectura gallega. Este paso consiste en la aprobaci\u00f3n del proyecto de decreto por el que se inicia el periodo de consulta previa, lo que Galicia se equiparar\u00e1 con territorios como Catalu\u00f1a o Extremadura.<\/p><\/div><\/div><\/div><div class=\"fusion-clearfix\"><\/div><\/div>\n<\/article>\n<article id=\"blog-1-post-1092\" class=\"fusion-post-grid post-1092 post type-post status-publish format-standard has-post-thumbnail hentry category-diseno category-retos-constructivos\">\n<div class=\"fusion-post-wrapper\" style=\"background-color:rgba(255,255,255,0);border:none;\">\n\n\t\t\t<div class=\"fusion-flexslider flexslider fusion-flexslider-loading fusion-post-slideshow\" style=\"border-color:rgba(29,32,40,0);\">\n\t\t<ul class=\"slides\">\n\t\t\t\n\t\t\t\t\t\t\t\t\t\t\t\t\t\t<li>\n\n<div  class=\"fusion-image-wrapper\" aria-haspopup=\"true\">\n\t\n\t\n\t\t\n\t\t\t\t\t<img decoding=\"async\" width=\"1024\" height=\"563\" src=\"https:\/\/arquivigo.com\/wp-content\/uploads\/2020\/11\/santa-marta-santiago2.jpg\" class=\"attachment-full size-full wp-post-image\" alt=\"\" srcset=\"https:\/\/arquivigo.com\/wp-content\/uploads\/2020\/11\/santa-marta-santiago2-200x110.jpg 200w, https:\/\/arquivigo.com\/wp-content\/uploads\/2020\/11\/santa-marta-santiago2-400x220.jpg 400w, https:\/\/arquivigo.com\/wp-content\/uploads\/2020\/11\/santa-marta-santiago2-600x330.jpg 600w, https:\/\/arquivigo.com\/wp-content\/uploads\/2020\/11\/santa-marta-santiago2-800x440.jpg 800w, https:\/\/arquivigo.com\/wp-content\/uploads\/2020\/11\/santa-marta-santiago2.jpg 1024w\" sizes=\"(min-width: 2200px) 100vw, (min-width: 824px) 390px, (min-width: 732px) 585px, (min-width: 640px) 732px, \" \/>\n\t\n\n\t\t<div class=\"fusion-rollover\">\n\t<div class=\"fusion-rollover-content\">\n\n\t\t\t\t\n\t\t\t\t\n\t\t\t\t\t\t\t\t\t\t\t\t<h4 class=\"fusion-rollover-title\">\n\t\t\t\t\t<a class=\"fusion-rollover-title-link\" href=\"https:\/\/arquivigo.com\/index.php\/2020\/11\/24\/edificio-verde-galicia\/\">\n\t\t\t\t\t\tPrimer edificio \u00abverde\u00bb de Galicia\t\t\t\t\t<\/a>\n\t\t\t\t<\/h4>\n\t\t\t\n\t\t\t\t\t\t\t\t\n\t\t\n\t\t\t\t<a class=\"fusion-link-wrapper\" href=\"https:\/\/arquivigo.com\/index.php\/2020\/11\/24\/edificio-verde-galicia\/\" aria-label=\"Primer edificio \u00abverde\u00bb de Galicia\"><\/a>\n\t<\/div>\n<\/div>\n\n\t\n<\/div>\n<\/li>\n\t\t\t\n\t\t\t\n\t\t\t\t\t\t\t\t\t\t\t\n\t\t\t\t\t\n\t\t\t\t\t\t\t\t\t\t\t<li>\n\t\t\t\t\t\t\t<div class=\"fusion-image-wrapper\">\n\t\t\t\t\t\t\t\t<a href=\"https:\/\/arquivigo.com\/index.php\/2020\/11\/24\/edificio-verde-galicia\/\" aria-label=\"Primer edificio \u00abverde\u00bb de Galicia\">\n\t\t\t\t\t\t\t\t\t<img decoding=\"async\" width=\"1706\" height=\"960\" src=\"https:\/\/arquivigo.com\/wp-content\/uploads\/2020\/11\/santa-marta-santiago.jpg\" alt=\"\" class=\"wp-image-1095\" role=\"presentation\" srcset=\"https:\/\/arquivigo.com\/wp-content\/uploads\/2020\/11\/santa-marta-santiago-200x113.jpg 200w, https:\/\/arquivigo.com\/wp-content\/uploads\/2020\/11\/santa-marta-santiago-400x225.jpg 400w, https:\/\/arquivigo.com\/wp-content\/uploads\/2020\/11\/santa-marta-santiago-600x338.jpg 600w, https:\/\/arquivigo.com\/wp-content\/uploads\/2020\/11\/santa-marta-santiago-800x450.jpg 800w, https:\/\/arquivigo.com\/wp-content\/uploads\/2020\/11\/santa-marta-santiago-1200x675.jpg 1200w, https:\/\/arquivigo.com\/wp-content\/uploads\/2020\/11\/santa-marta-santiago.jpg 1706w\" sizes=\"(min-width: 2200px) 100vw, (min-width: 824px) 390px, (min-width: 732px) 585px, (min-width: 640px) 732px, \" \/>\t\t\t\t\t\t\t\t<\/a>\n\t\t\t\t\t\t\t\t<a style=\"display:none;\" href=\"https:\/\/arquivigo.com\/wp-content\/uploads\/2020\/11\/santa-marta-santiago.jpg\" data-rel=\"iLightbox[gallery1092]\"  title=\"\" data-title=\"santa-marta-santiago\" data-caption=\"\">\n\t\t\t\t\t\t\t\t\t\t\t\t\t\t\t\t\t<\/a>\n\t\t\t\t\t\t\t<\/div>\n\t\t\t\t\t\t<\/li>\n\t\t\t\t\t\t\t\t\t\t\t\t\t\t\t\t\t\t\t\t\t\t\t\t\t\t\t\t\t\t\t\t\t\t\t\t\t\t\t\t\t\t\t\t\t\t\t\t\t\t\t\t\t\t\t\t\t\t\t\t\t\t\t\t\t\t<\/ul>\n\t<\/div>\n\t<div class=\"fusion-post-content-wrapper\" style=\"padding:30px 25px 20px 25px;\"><div class=\"fusion-post-content post-content\"><h2 class=\"blog-shortcode-post-title entry-title\"><a href=\"https:\/\/arquivigo.com\/index.php\/2020\/11\/24\/edificio-verde-galicia\/\">Primer edificio \u00abverde\u00bb de Galicia<\/a><\/h2><div class=\"fusion-post-content-container\"><p>El edificio M-13 del barrio compostelano de Santa Marta, un bloque de 36 viviendas promovido por Santiago Sur, es\u00a0el primero de Galicia que recibe el certificado \"Verde\"\u00a0de la consultora internacional Green Building Council Espa\u00f1a (GBCe). Adem\u00e1s de la eficiencia energ\u00e9tica del propio edificio -situado entre las calles Travesa da Poza<\/p><\/div><\/div><\/div><div class=\"fusion-clearfix\"><\/div><\/div>\n<\/article>\n<article id=\"blog-1-post-1087\" class=\"fusion-post-grid post-1087 post type-post status-publish format-standard has-post-thumbnail hentry category-inversion\">\n<div class=\"fusion-post-wrapper\" style=\"background-color:rgba(255,255,255,0);border:none;\">\n\n\t\t\t<div class=\"fusion-flexslider flexslider fusion-flexslider-loading fusion-post-slideshow\" style=\"border-color:rgba(29,32,40,0);\">\n\t\t<ul class=\"slides\">\n\t\t\t\n\t\t\t\t\t\t\t\t\t\t\t\t\t\t<li>\n\n<div  class=\"fusion-image-wrapper\" aria-haspopup=\"true\">\n\t\n\t\n\t\t\n\t\t\t\t\t<img decoding=\"async\" width=\"1278\" height=\"720\" src=\"https:\/\/arquivigo.com\/wp-content\/uploads\/2020\/11\/construccion-xunta-galicia.jpg\" class=\"attachment-full size-full wp-post-image\" alt=\"\" srcset=\"https:\/\/arquivigo.com\/wp-content\/uploads\/2020\/11\/construccion-xunta-galicia-200x113.jpg 200w, https:\/\/arquivigo.com\/wp-content\/uploads\/2020\/11\/construccion-xunta-galicia-400x225.jpg 400w, https:\/\/arquivigo.com\/wp-content\/uploads\/2020\/11\/construccion-xunta-galicia-600x338.jpg 600w, https:\/\/arquivigo.com\/wp-content\/uploads\/2020\/11\/construccion-xunta-galicia-800x451.jpg 800w, https:\/\/arquivigo.com\/wp-content\/uploads\/2020\/11\/construccion-xunta-galicia-1200x676.jpg 1200w, https:\/\/arquivigo.com\/wp-content\/uploads\/2020\/11\/construccion-xunta-galicia.jpg 1278w\" sizes=\"(min-width: 2200px) 100vw, (min-width: 824px) 390px, (min-width: 732px) 585px, (min-width: 640px) 732px, \" \/>\n\t\n\n\t\t<div class=\"fusion-rollover\">\n\t<div class=\"fusion-rollover-content\">\n\n\t\t\t\t\n\t\t\t\t\n\t\t\t\t\t\t\t\t\t\t\t\t<h4 class=\"fusion-rollover-title\">\n\t\t\t\t\t<a class=\"fusion-rollover-title-link\" href=\"https:\/\/arquivigo.com\/index.php\/2020\/11\/24\/mas-edificios-menos-carreteras\/\">\n\t\t\t\t\t\tM\u00e1s edificios, menos carreteras\t\t\t\t\t<\/a>\n\t\t\t\t<\/h4>\n\t\t\t\n\t\t\t\t\t\t\t\t\n\t\t\n\t\t\t\t<a class=\"fusion-link-wrapper\" href=\"https:\/\/arquivigo.com\/index.php\/2020\/11\/24\/mas-edificios-menos-carreteras\/\" aria-label=\"M\u00e1s edificios, menos carreteras\"><\/a>\n\t<\/div>\n<\/div>\n\n\t\n<\/div>\n<\/li>\n\t\t\t\n\t\t\t\n\t\t\t\t\t\t\t\t\t\t\t\t\t\t\t\t\t\t\t\t\t\t\t\t\t\t\t\t\t\t\t\t\t\t\t\t\t\t\t\t\t\t\t\t\t\t\t\t\t\t\t\t\t\t\t\t\t\t\t\t\t\t\t\t\t\t\t\t<\/ul>\n\t<\/div>\n\t<div class=\"fusion-post-content-wrapper\" style=\"padding:30px 25px 20px 25px;\"><div class=\"fusion-post-content post-content\"><h2 class=\"blog-shortcode-post-title entry-title\"><a href=\"https:\/\/arquivigo.com\/index.php\/2020\/11\/24\/mas-edificios-menos-carreteras\/\">M\u00e1s edificios, menos carreteras<\/a><\/h2><div class=\"fusion-post-content-container\"><p>La finalizaci\u00f3n o el avanzado estado de ejecuci\u00f3n de las grandes obras proyectadas por la Xunta en Santiago ha ido concentrando buena parte de su esfuerzo inversor, en lo que a infraestructuras se refiere, en equipamientos institucionales. Aunque es una tendencia que viene de atr\u00e1s, en los Orzamentos del 2021<\/p><\/div><\/div><\/div><div class=\"fusion-clearfix\"><\/div><\/div>\n<\/article>\n<div class=\"fusion-clearfix\"><\/div><\/div><div class=\"fusion-infinite-scroll-trigger\"><\/div><div class=\"pagination infinite-scroll clearfix\" style=\"display:none;\"><span class=\"current\">1<\/span><a href=\"https:\/\/arquivigo.com\/index.php\/wp-json\/wp\/v2\/pages\/7\/page\/2\/\" class=\"inactive\">2<\/a><a class=\"pagination-next\" rel=\"next\" href=\"https:\/\/arquivigo.com\/index.php\/wp-json\/wp\/v2\/pages\/7\/page\/2\/\"><span class=\"page-text\">Siguiente<\/span><span class=\"page-next\"><\/span><\/a><\/div><div class=\"fusion-clearfix\"><\/div><\/div><\/div><\/div><style type=\"text\/css\">.fusion-body .fusion-builder-column-2{width:100% !important;margin-top : 0px;margin-bottom : 0px;}.fusion-builder-column-2 > .fusion-column-wrapper {padding-top : 0px !important;padding-right : 0 !important;margin-right : 0px;padding-bottom : 0px !important;padding-left : 0 !important;margin-left : 0px;}@media only screen and (max-width:800px) {.fusion-body .fusion-builder-column-2{width:100% !important;}.fusion-builder-column-2 > .fusion-column-wrapper {margin-right : 0px;margin-left : 0px;}}@media only screen and (max-width:640px) {.fusion-body .fusion-builder-column-2{width:100% !important;}.fusion-builder-column-2 > .fusion-column-wrapper {margin-right : 0px;margin-left : 0px;}}<\/style><\/div><style type=\"text\/css\">.fusion-body .fusion-flex-container.fusion-builder-row-2{ padding-top : 0px;margin-top : 0px;padding-right : 0px;padding-bottom : 3%;margin-bottom : 0px;padding-left : 0px;}@media only screen and (max-width:800px) {.fusion-body .fusion-flex-container.fusion-builder-row-2{ padding-bottom : 0px;}}@media only screen and (max-width:640px) {.fusion-body .fusion-flex-container.fusion-builder-row-2{ padding-right : 30px;padding-left : 30px;}}<\/style><\/div><div class=\"fusion-fullwidth fullwidth-box fusion-builder-row-3 fusion-flex-container hundred-percent-fullwidth non-hundred-percent-height-scrolling\" style=\"background-color: #20232c;background-position: center center;background-repeat: no-repeat;border-width: 0px 0px 0px 0px;border-color:rgba(255,255,255,0);border-style:solid;\" ><div class=\"fusion-builder-row fusion-row fusion-flex-align-items-flex-start\" style=\"width:calc( 100% + 0px ) !important;max-width:calc( 100% + 0px ) !important;margin-left: calc(-0px \/ 2 );margin-right: calc(-0px \/ 2 );\"><div class=\"fusion-layout-column fusion_builder_column fusion-builder-column-3 fusion_builder_column_1_1 1_1 fusion-flex-column\"><div class=\"fusion-column-wrapper fusion-flex-justify-content-flex-start fusion-content-layout-column\" style=\"background-position:left top;background-repeat:no-repeat;-webkit-background-size:cover;-moz-background-size:cover;-o-background-size:cover;background-size:cover;padding: 0px 0px 0px 0px;\"><div style=\"text-align:center;\"><style type=\"text\/css\">.fusion-button.button-1 {border-radius:0px;}<\/style><a class=\"fusion-button button-flat button-large button-default button-1 fusion-button-default-span fusion-button-default-type custom-button\" target=\"_self\" title=\"Portfolio\" href=\"http:\/\/arquivigo.com\/recent-work\/\"><span class=\"fusion-button-text\">VER TRABAJOS RECIENTES<\/span><\/a><\/div><\/div><\/div><style type=\"text\/css\">.fusion-body .fusion-builder-column-3{width:100% !important;margin-top : 0px;margin-bottom : 0px;}.fusion-builder-column-3 > .fusion-column-wrapper {padding-top : 0px !important;padding-right : 0px !important;margin-right : 0px;padding-bottom : 0px !important;padding-left : 0px !important;margin-left : 0px;}@media only screen and (max-width:800px) {.fusion-body .fusion-builder-column-3{width:100% !important;}.fusion-builder-column-3 > .fusion-column-wrapper {margin-right : 0px;margin-left : 0px;}}@media only screen and (max-width:640px) {.fusion-body .fusion-builder-column-3{width:100% !important;}.fusion-builder-column-3 > .fusion-column-wrapper {margin-right : 0px;margin-left : 0px;}}<\/style><\/div><style type=\"text\/css\">.fusion-body .fusion-flex-container.fusion-builder-row-3{ padding-top : 0px;margin-top : 0px;padding-right : 0px;padding-bottom : 0px;margin-bottom : 0px;padding-left : 0px;}<\/style><\/div><div class=\"fusion-fullwidth fullwidth-box fusion-builder-row-4 fusion-flex-container nonhundred-percent-fullwidth non-hundred-percent-height-scrolling\" style=\"background-color: #20232c;background-position: left top;background-repeat: no-repeat;border-width: 0px 0px 0px 0px;border-color:rgba(255,255,255,0);border-style:solid;\" ><div class=\"fusion-builder-row fusion-row fusion-flex-align-items-flex-start fusion-flex-justify-content-center\" style=\"max-width:calc( 1170px + 0px );margin-left: calc(-0px \/ 2 );margin-right: calc(-0px \/ 2 );\"><div class=\"fusion-layout-column fusion_builder_column fusion-builder-column-4 fusion_builder_column_2_3 2_3 fusion-flex-column\"><div class=\"fusion-column-wrapper fusion-flex-justify-content-flex-start fusion-content-layout-column\" style=\"background-position:left top;background-repeat:no-repeat;-webkit-background-size:cover;-moz-background-size:cover;-o-background-size:cover;background-size:cover;padding: 0px 0px 0px 0px;\"><div class=\"fusion-blog-shortcode fusion-blog-shortcode-2 fusion-blog-archive fusion-blog-layout-large fusion-blog-infinite\"><div class=\"fusion-posts-container fusion-posts-container-infinite fusion-posts-container-load-more fusion-no-meta-info fusion-blog-rollover\" data-pages=\"4\"><article id=\"blog-2-post-1185\" class=\"fusion-post-large post-1185 post type-post status-publish format-standard has-post-thumbnail hentry category-inversion\">\n\t<style type=\"text\/css\">\n\t\t\n\t\t\n\t\t\n\t\t\n\t\t\t<\/style>\n\n\n\t\t\t<div class=\"fusion-flexslider flexslider fusion-flexslider-loading fusion-post-slideshow\" style=\"\">\n\t\t<ul class=\"slides\">\n\t\t\t\n\t\t\t\t\t\t\t\t\t\t\t\t\t\t<li>\n\n<div  class=\"fusion-image-wrapper\" aria-haspopup=\"true\">\n\t\n\t\n\t\t\n\t\t\t\t\t<img decoding=\"async\" width=\"1100\" height=\"726\" src=\"https:\/\/arquivigo.com\/wp-content\/uploads\/2021\/01\/sanxenxo-vista-aerea-ramilo.jpg\" class=\"attachment-full size-full wp-post-image\" alt=\"\" srcset=\"https:\/\/arquivigo.com\/wp-content\/uploads\/2021\/01\/sanxenxo-vista-aerea-ramilo-200x132.jpg 200w, https:\/\/arquivigo.com\/wp-content\/uploads\/2021\/01\/sanxenxo-vista-aerea-ramilo-400x264.jpg 400w, https:\/\/arquivigo.com\/wp-content\/uploads\/2021\/01\/sanxenxo-vista-aerea-ramilo-600x396.jpg 600w, https:\/\/arquivigo.com\/wp-content\/uploads\/2021\/01\/sanxenxo-vista-aerea-ramilo-800x528.jpg 800w, https:\/\/arquivigo.com\/wp-content\/uploads\/2021\/01\/sanxenxo-vista-aerea-ramilo.jpg 1100w\" sizes=\"(max-width: 800px) 100vw, (max-width: 640px) 100vw, 800px\" \/>\n\t\n\n\t\t<div class=\"fusion-rollover\">\n\t<div class=\"fusion-rollover-content\">\n\n\t\t\t\t\n\t\t\t\t\n\t\t\t\t\t\t\t\t\t\t\t\t<h4 class=\"fusion-rollover-title\">\n\t\t\t\t\t<a class=\"fusion-rollover-title-link\" href=\"https:\/\/arquivigo.com\/index.php\/2021\/01\/03\/duplica-numero-licencias-obra-nueva\/\">\n\t\t\t\t\t\tSanxenxo casi duplica el n\u00famero de licencias para obra nueva\t\t\t\t\t<\/a>\n\t\t\t\t<\/h4>\n\t\t\t\n\t\t\t\t\t\t\t\t\n\t\t\n\t\t\t\t<a class=\"fusion-link-wrapper\" href=\"https:\/\/arquivigo.com\/index.php\/2021\/01\/03\/duplica-numero-licencias-obra-nueva\/\" aria-label=\"Sanxenxo casi duplica el n\u00famero de licencias para obra nueva\"><\/a>\n\t<\/div>\n<\/div>\n\n\t\n<\/div>\n<\/li>\n\t\t\t\n\t\t\t\n\t\t\t\t\t\t\t\t\t\t\t\t\t\t\t\t\t\t\t\t\t\t\t\t\t\t\t\t\t\t\t\t\t\t\t\t\t\t\t\t\t\t\t\t\t\t\t\t\t\t\t\t\t\t\t\t\t\t\t\t\t\t\t\t\t\t\t\t<\/ul>\n\t<\/div>\n\t<div class=\"fusion-post-content post-content\"><h2 class=\"blog-shortcode-post-title entry-title\"><a href=\"https:\/\/arquivigo.com\/index.php\/2021\/01\/03\/duplica-numero-licencias-obra-nueva\/\">Sanxenxo casi duplica el n\u00famero de licencias para obra nueva<\/a><\/h2><div class=\"fusion-post-content-container\"><p>No todo son malas noticias en 2020, pues el sector de la construcci\u00f3n ha crecido, de forma diferente seg\u00fan el territorio. El ejemplo de Sanxenxo Un buen ejemplo es el concello de Sanxenxo quien concedi\u00f3 un total de veinte licencias para la construcci\u00f3n de vivienda unifamiliar; esta cifra es superior<\/p><\/div><\/div><div class=\"fusion-clearfix\"><\/div><\/article>\n<article id=\"blog-2-post-1180\" class=\"fusion-post-large post-1180 post type-post status-publish format-standard has-post-thumbnail hentry category-legislacion tag-aparejador tag-obra-nueva tag-reforma\">\n\t<style type=\"text\/css\">\n\t\t\n\t\t\n\t\t\n\t\t\n\t\t\t<\/style>\n\n\n\t\t\t<div class=\"fusion-flexslider flexslider fusion-flexslider-loading fusion-post-slideshow\" style=\"\">\n\t\t<ul class=\"slides\">\n\t\t\t\n\t\t\t\t\t\t\t\t\t\t\t\t\t\t<li>\n\n<div  class=\"fusion-image-wrapper\" aria-haspopup=\"true\">\n\t\n\t\n\t\t\n\t\t\t\t\t<img decoding=\"async\" width=\"2560\" height=\"1707\" src=\"https:\/\/arquivigo.com\/wp-content\/uploads\/2020\/12\/side-view-men-working-with-masks-scaled.jpg\" class=\"attachment-full size-full wp-post-image\" alt=\"\" srcset=\"https:\/\/arquivigo.com\/wp-content\/uploads\/2020\/12\/side-view-men-working-with-masks-200x133.jpg 200w, https:\/\/arquivigo.com\/wp-content\/uploads\/2020\/12\/side-view-men-working-with-masks-400x267.jpg 400w, https:\/\/arquivigo.com\/wp-content\/uploads\/2020\/12\/side-view-men-working-with-masks-600x400.jpg 600w, https:\/\/arquivigo.com\/wp-content\/uploads\/2020\/12\/side-view-men-working-with-masks-800x533.jpg 800w, https:\/\/arquivigo.com\/wp-content\/uploads\/2020\/12\/side-view-men-working-with-masks-1200x800.jpg 1200w, https:\/\/arquivigo.com\/wp-content\/uploads\/2020\/12\/side-view-men-working-with-masks-scaled.jpg 2560w\" sizes=\"(max-width: 800px) 100vw, (max-width: 640px) 100vw, 800px\" \/>\n\t\n\n\t\t<div class=\"fusion-rollover\">\n\t<div class=\"fusion-rollover-content\">\n\n\t\t\t\t\n\t\t\t\t\n\t\t\t\t\t\t\t\t\t\t\t\t<h4 class=\"fusion-rollover-title\">\n\t\t\t\t\t<a class=\"fusion-rollover-title-link\" href=\"https:\/\/arquivigo.com\/index.php\/2020\/12\/18\/la-figura-del-aparejador\/\">\n\t\t\t\t\t\tLa figura del aparejador\t\t\t\t\t<\/a>\n\t\t\t\t<\/h4>\n\t\t\t\n\t\t\t\t\t\t\t\t\n\t\t\n\t\t\t\t<a class=\"fusion-link-wrapper\" href=\"https:\/\/arquivigo.com\/index.php\/2020\/12\/18\/la-figura-del-aparejador\/\" aria-label=\"La figura del aparejador\"><\/a>\n\t<\/div>\n<\/div>\n\n\t\n<\/div>\n<\/li>\n\t\t\t\n\t\t\t\n\t\t\t\t\t\t\t\t\t\t\t\t\t\t\t\t\t\t\t\t\t\t\t\t\t\t\t\t\t\t\t\t\t\t\t\t\t\t\t\t\t\t\t\t\t\t\t\t\t\t\t\t\t\t\t\t\t\t\t\t\t\t\t\t\t\t\t\t<\/ul>\n\t<\/div>\n\t<div class=\"fusion-post-content post-content\"><h2 class=\"blog-shortcode-post-title entry-title\"><a href=\"https:\/\/arquivigo.com\/index.php\/2020\/12\/18\/la-figura-del-aparejador\/\">La figura del aparejador<\/a><\/h2><div class=\"fusion-post-content-container\"><p>Jos\u00e9 Arcos expone directrices y consejos al respecto de los profesionales de la Arquitectura T\u00e9cnica. Adem\u00e1s de ser \"un servicio muy reconocido\" indica que \"cualquier empresa, administraci\u00f3n, relacionada con el sector de la edificaci\u00f3n o incluso particulares que conozcan la realidad de una obra, valora y cuenta con los profesionales<\/p><\/div><\/div><div class=\"fusion-clearfix\"><\/div><\/article>\n<\/div><div class=\"fusion-infinite-scroll-trigger\"><\/div><div class=\"pagination infinite-scroll clearfix\" style=\"display:none;\"><span class=\"current\">1<\/span><a href=\"https:\/\/arquivigo.com\/index.php\/wp-json\/wp\/v2\/pages\/7\/page\/2\/\" class=\"inactive\">2<\/a><a class=\"pagination-next\" rel=\"next\" href=\"https:\/\/arquivigo.com\/index.php\/wp-json\/wp\/v2\/pages\/7\/page\/2\/\"><span class=\"page-text\">Siguiente<\/span><span class=\"page-next\"><\/span><\/a><\/div><div class=\"fusion-clearfix\"><\/div><div class=\"fusion-load-more-button fusion-blog-button fusion-clearfix\">Load More Posts<\/div><\/div><\/div><\/div><style type=\"text\/css\">.fusion-body .fusion-builder-column-4{width:66.666666666667% !important;margin-top : 60px;margin-bottom : 10px;}.fusion-builder-column-4 > .fusion-column-wrapper {padding-top : 0px !important;padding-right : 0px !important;margin-right : 0;padding-bottom : 0px !important;padding-left : 0px !important;margin-left : 0;}@media only screen and (max-width:800px) {.fusion-body .fusion-builder-column-4{width:75% !important;}.fusion-builder-column-4 > .fusion-column-wrapper {margin-right : 0;margin-left : 0;}}@media only screen and (max-width:640px) {.fusion-body .fusion-builder-column-4{width:100% !important;}.fusion-builder-column-4 > .fusion-column-wrapper {margin-right : 0px;margin-left : 0px;}}<\/style><div class=\"fusion-layout-column fusion_builder_column fusion-builder-column-5 fusion_builder_column_1_1 1_1 fusion-flex-column\"><div class=\"fusion-column-wrapper fusion-flex-justify-content-flex-start fusion-content-layout-column\" style=\"background-position:left top;background-blend-mode: overlay;background-repeat:no-repeat;-webkit-background-size:cover;-moz-background-size:cover;-o-background-size:cover;background-size:cover;padding: 0px 0px 0px 0px;\"><div class=\"fusion-separator fusion-full-width-sep\" style=\"align-self: center;margin-left: auto;margin-right: auto;margin-top:50px;width:100%;\"><\/div><div class=\"fusion-section-separator section-separator slant fusion-section-separator-1\"><div class=\"fusion-section-separator-svg\" style=\"padding:0;\"><svg class=\"fusion-slant-candy\" xmlns=\"http:\/\/www.w3.org\/2000\/svg\" version=\"1.1\" width=\"100%\" height=\"100\" viewBox=\"0 0 100 100\" preserveAspectRatio=\"none\" style=\"fill:#ebeced;padding:0;margin-bottom:-3px;display:block\"><path d=\"M100 0 L0 100 L101 100 Z\"><\/path><\/svg><\/div><div class=\"fusion-section-separator-spacer\"><div class=\"fusion-section-separator-spacer-height\" style=\"height:99px;\"><\/div><\/div><style type=\"text\/css\">.fusion-section-separator-1 .fusion-section-separator-svg {margin-left:0px;margin-right:0px;}@media only screen and (max-width:800px) {.fusion-section-separator-1 .fusion-section-separator-svg {margin-left:0px;margin-right:0px;}}@media only screen and (max-width:640px) {.fusion-section-separator-1 .fusion-section-separator-svg {margin-left:0px;margin-right:0px;}}<\/style><\/div><\/div><\/div><style type=\"text\/css\">.fusion-body .fusion-builder-column-5{width:100% !important;margin-top : 0px;margin-bottom : 0px;}.fusion-builder-column-5 > .fusion-column-wrapper {padding-top : 0px !important;padding-right : 0px !important;margin-right : 0px;padding-bottom : 0px !important;padding-left : 0px !important;margin-left : 0px;}@media only screen and (max-width:800px) {.fusion-body .fusion-builder-column-5{width:100% !important;}.fusion-builder-column-5 > .fusion-column-wrapper {margin-right : 0px;margin-left : 0px;}}@media only screen and (max-width:640px) {.fusion-body .fusion-builder-column-5{width:100% !important;}.fusion-builder-column-5 > .fusion-column-wrapper {margin-right : 0px;margin-left : 0px;}}<\/style><\/div><style type=\"text\/css\">.fusion-body .fusion-flex-container.fusion-builder-row-4{ padding-top : 5%;margin-top : 0px;padding-right : 0px;padding-bottom : 0px;margin-bottom : 0px;padding-left : 0px;}<\/style><\/div><div class=\"fusion-fullwidth fullwidth-box fusion-builder-row-5 fusion-flex-container nonhundred-percent-fullwidth non-hundred-percent-height-scrolling\" style=\"background-color: #ebeced;background-position: left top;background-repeat: no-repeat;border-width: 0px 0px 0px 0px;border-color:rgba(255,255,255,0);border-style:solid;\" ><div class=\"fusion-builder-row fusion-row fusion-flex-align-items-flex-start fusion-flex-justify-content-center\" style=\"max-width:1216.8px;margin-left: calc(-4% \/ 2 );margin-right: calc(-4% \/ 2 );\"><div class=\"fusion-layout-column fusion_builder_column fusion-builder-column-6 fusion_builder_column_2_3 2_3 fusion-flex-column\"><div class=\"fusion-column-wrapper fusion-flex-justify-content-flex-start fusion-content-layout-column\" style=\"background-position:left top;background-repeat:no-repeat;-webkit-background-size:cover;-moz-background-size:cover;-o-background-size:cover;background-size:cover;padding: 0px 0px 0px 0px;\"><style type=\"text\/css\">@media only screen and (max-width:800px) {.fusion-title.fusion-title-1{margin-top:0px!important;margin-bottom:20px!important;}}<\/style><div class=\"fusion-title title fusion-title-1 fusion-title-center fusion-title-text fusion-title-size-two\" style=\"margin-top:0px;margin-bottom:20px;\"><div class=\"title-sep-container title-sep-container-left\"><div class=\"title-sep sep-\" style=\"border-color:#2a2e38;\"><\/div><\/div><h2 class=\"title-heading-center\" style=\"margin:0;color:#1d2028;\">Trabajemos juntos<\/h2><div class=\"title-sep-container title-sep-container-right\"><div class=\"title-sep sep-\" style=\"border-color:#2a2e38;\"><\/div><\/div><\/div><div class=\"fusion-text fusion-text-1\"><h6 style=\"text-align: center;\">DIME M\u00c1S SOBRE TU PROYECTO<\/h6>\n<\/div><div class=\"fusion-separator\" style=\"align-self: center;margin-left: auto;margin-right: auto;margin-top:0px;margin-bottom:50px;width:100%;max-width:130px;\"><div class=\"fusion-separator-border sep-single sep-solid\" style=\"border-color:#b9bfcc;border-top-width:1px;\"><\/div><\/div><div class=\"fusion-text fusion-text-2\"><p style=\"text-align: center; color: #555c6e;\">Lorem ipsum dolor sit amet, consectetur adipiscing elit, sed do eiusmod tempor incididunt ut labore et dolore magna aliqua. Ut enim ad minim veniam, quis nostrud exercitation ullamco laboris nisi ut aliquip ex ea commodo consequat. Duis aute irure dolor in reprehenderit in voluptate velit esse cillum dolore eu fugiat nulla pariatur.<\/p>\n<\/div><div class=\"fusion-separator fusion-full-width-sep\" style=\"align-self: center;margin-left: auto;margin-right: auto;margin-top:20px;width:100%;\"><\/div><div style=\"text-align:center;\"><style type=\"text\/css\">.fusion-button.button-2 {border-radius:0px;}<\/style><a class=\"fusion-button button-flat button-xlarge button-default button-2 fusion-button-span-no fusion-button-default-type\" target=\"_self\" href=\"\/freelancer\/lets-talk\/\"><span class=\"fusion-button-text\">HABLEMOS<\/span><\/a><\/div><\/div><\/div><style type=\"text\/css\">.fusion-body .fusion-builder-column-6{width:66.666666666667% !important;margin-top : 70px;margin-bottom : 75px;}.fusion-builder-column-6 > .fusion-column-wrapper {padding-top : 0px !important;padding-right : 0px !important;margin-right : 2.88%;padding-bottom : 0px !important;padding-left : 0px !important;margin-left : 2.88%;}@media only screen and (max-width:800px) {.fusion-body .fusion-builder-column-6{width:100% !important;}.fusion-builder-column-6 > .fusion-column-wrapper {margin-right : 1.92%;margin-left : 1.92%;}}@media only screen and (max-width:640px) {.fusion-body .fusion-builder-column-6{width:100% !important;}.fusion-builder-column-6 > .fusion-column-wrapper {margin-right : 1.92%;margin-left : 1.92%;}}<\/style><\/div><style type=\"text\/css\">.fusion-body .fusion-flex-container.fusion-builder-row-5{ padding-top : 5%;margin-top : 0px;padding-right : 0px;padding-bottom : 5%;margin-bottom : 0px;padding-left : 0px;}<\/style><\/div><\/p>\n","protected":false},"excerpt":{"rendered":"","protected":false},"author":1,"featured_media":0,"parent":0,"menu_order":0,"comment_status":"closed","ping_status":"closed","template":"100-width.php","meta":{"_joinchat":[],"footnotes":""},"class_list":["post-7","page","type-page","status-publish","hentry"],"yoast_head":"<!-- This site is optimized with the Yoast SEO plugin v24.9 - https:\/\/yoast.com\/wordpress\/plugins\/seo\/ -->\n<title>Web Design Articles - Jos\u00e9 Ramilo Hermida<\/title>\n<meta name=\"robots\" content=\"index, follow, max-snippet:-1, max-image-preview:large, max-video-preview:-1\" \/>\n<link rel=\"canonical\" href=\"https:\/\/arquivigo.com\/index.php\/web-design-articles\/\" \/>\n<meta property=\"og:locale\" content=\"es_ES\" \/>\n<meta property=\"og:type\" content=\"article\" \/>\n<meta property=\"og:title\" content=\"Web Design Articles - Jos\u00e9 Ramilo Hermida\" \/>\n<meta property=\"og:url\" content=\"https:\/\/arquivigo.com\/index.php\/web-design-articles\/\" \/>\n<meta property=\"og:site_name\" content=\"Jos\u00e9 Ramilo Hermida\" \/>\n<meta property=\"article:publisher\" content=\"https:\/\/www.facebook.com\/people\/Jos%c3%a9-Ramilo-Arquitectura-e-Ingenier%c3%ada\/100049613451848\/\" \/>\n<meta property=\"article:modified_time\" content=\"2025-04-18T14:19:48+00:00\" \/>\n<meta name=\"twitter:card\" content=\"summary_large_image\" \/>\n<meta name=\"twitter:site\" content=\"@jramiloAT\" \/>\n<meta name=\"twitter:label1\" content=\"Tiempo de lectura\" \/>\n\t<meta name=\"twitter:data1\" content=\"4 minutos\" \/>\n<script type=\"application\/ld+json\" class=\"yoast-schema-graph\">{\"@context\":\"https:\/\/schema.org\",\"@graph\":[{\"@type\":\"WebPage\",\"@id\":\"https:\/\/arquivigo.com\/index.php\/web-design-articles\/\",\"url\":\"https:\/\/arquivigo.com\/index.php\/web-design-articles\/\",\"name\":\"Web Design Articles - Jos\u00e9 Ramilo Hermida\",\"isPartOf\":{\"@id\":\"https:\/\/arquivigo.com\/#website\"},\"datePublished\":\"2016-01-27T09:39:54+00:00\",\"dateModified\":\"2025-04-18T14:19:48+00:00\",\"breadcrumb\":{\"@id\":\"https:\/\/arquivigo.com\/index.php\/web-design-articles\/#breadcrumb\"},\"inLanguage\":\"es\",\"potentialAction\":[{\"@type\":\"ReadAction\",\"target\":[\"https:\/\/arquivigo.com\/index.php\/web-design-articles\/\"]}]},{\"@type\":\"BreadcrumbList\",\"@id\":\"https:\/\/arquivigo.com\/index.php\/web-design-articles\/#breadcrumb\",\"itemListElement\":[{\"@type\":\"ListItem\",\"position\":1,\"name\":\"Portada\",\"item\":\"https:\/\/arquivigo.com\/\"},{\"@type\":\"ListItem\",\"position\":2,\"name\":\"Web Design Articles\"}]},{\"@type\":\"WebSite\",\"@id\":\"https:\/\/arquivigo.com\/#website\",\"url\":\"https:\/\/arquivigo.com\/\",\"name\":\"arquivigo\",\"description\":\"Arquitecto t\u00e9cnico resolutivo\",\"publisher\":{\"@id\":\"https:\/\/arquivigo.com\/#organization\"},\"potentialAction\":[{\"@type\":\"SearchAction\",\"target\":{\"@type\":\"EntryPoint\",\"urlTemplate\":\"https:\/\/arquivigo.com\/?s={search_term_string}\"},\"query-input\":{\"@type\":\"PropertyValueSpecification\",\"valueRequired\":true,\"valueName\":\"search_term_string\"}}],\"inLanguage\":\"es\"},{\"@type\":\"Organization\",\"@id\":\"https:\/\/arquivigo.com\/#organization\",\"name\":\"Arquivigo\",\"url\":\"https:\/\/arquivigo.com\/\",\"logo\":{\"@type\":\"ImageObject\",\"inLanguage\":\"es\",\"@id\":\"https:\/\/arquivigo.com\/#\/schema\/logo\/image\/\",\"url\":\"https:\/\/arquivigo.com\/wp-content\/uploads\/2020\/09\/logo-400-sin-fondo.png\",\"contentUrl\":\"https:\/\/arquivigo.com\/wp-content\/uploads\/2020\/09\/logo-400-sin-fondo.png\",\"width\":400,\"height\":93,\"caption\":\"Arquivigo\"},\"image\":{\"@id\":\"https:\/\/arquivigo.com\/#\/schema\/logo\/image\/\"},\"sameAs\":[\"https:\/\/www.facebook.com\/people\/Jos\u00e9-Ramilo-Arquitectura-e-Ingenier\u00eda\/100049613451848\/\",\"https:\/\/x.com\/jramiloAT\",\"https:\/\/www.instagram.com\/arquivigo\/\",\"https:\/\/www.linkedin.com\/in\/jos\u00e9-ramilo-hermida-b8802525\/\"]}]}<\/script>\n<!-- \/ Yoast SEO plugin. -->","yoast_head_json":{"title":"Web Design Articles - Jos\u00e9 Ramilo Hermida","robots":{"index":"index","follow":"follow","max-snippet":"max-snippet:-1","max-image-preview":"max-image-preview:large","max-video-preview":"max-video-preview:-1"},"canonical":"https:\/\/arquivigo.com\/index.php\/web-design-articles\/","og_locale":"es_ES","og_type":"article","og_title":"Web Design Articles - Jos\u00e9 Ramilo Hermida","og_url":"https:\/\/arquivigo.com\/index.php\/web-design-articles\/","og_site_name":"Jos\u00e9 Ramilo Hermida","article_publisher":"https:\/\/www.facebook.com\/people\/Jos%c3%a9-Ramilo-Arquitectura-e-Ingenier%c3%ada\/100049613451848\/","article_modified_time":"2025-04-18T14:19:48+00:00","twitter_card":"summary_large_image","twitter_site":"@jramiloAT","twitter_misc":{"Tiempo de lectura":"4 minutos"},"schema":{"@context":"https:\/\/schema.org","@graph":[{"@type":"WebPage","@id":"https:\/\/arquivigo.com\/index.php\/web-design-articles\/","url":"https:\/\/arquivigo.com\/index.php\/web-design-articles\/","name":"Web Design Articles - Jos\u00e9 Ramilo Hermida","isPartOf":{"@id":"https:\/\/arquivigo.com\/#website"},"datePublished":"2016-01-27T09:39:54+00:00","dateModified":"2025-04-18T14:19:48+00:00","breadcrumb":{"@id":"https:\/\/arquivigo.com\/index.php\/web-design-articles\/#breadcrumb"},"inLanguage":"es","potentialAction":[{"@type":"ReadAction","target":["https:\/\/arquivigo.com\/index.php\/web-design-articles\/"]}]},{"@type":"BreadcrumbList","@id":"https:\/\/arquivigo.com\/index.php\/web-design-articles\/#breadcrumb","itemListElement":[{"@type":"ListItem","position":1,"name":"Portada","item":"https:\/\/arquivigo.com\/"},{"@type":"ListItem","position":2,"name":"Web Design Articles"}]},{"@type":"WebSite","@id":"https:\/\/arquivigo.com\/#website","url":"https:\/\/arquivigo.com\/","name":"arquivigo","description":"Arquitecto t\u00e9cnico resolutivo","publisher":{"@id":"https:\/\/arquivigo.com\/#organization"},"potentialAction":[{"@type":"SearchAction","target":{"@type":"EntryPoint","urlTemplate":"https:\/\/arquivigo.com\/?s={search_term_string}"},"query-input":{"@type":"PropertyValueSpecification","valueRequired":true,"valueName":"search_term_string"}}],"inLanguage":"es"},{"@type":"Organization","@id":"https:\/\/arquivigo.com\/#organization","name":"Arquivigo","url":"https:\/\/arquivigo.com\/","logo":{"@type":"ImageObject","inLanguage":"es","@id":"https:\/\/arquivigo.com\/#\/schema\/logo\/image\/","url":"https:\/\/arquivigo.com\/wp-content\/uploads\/2020\/09\/logo-400-sin-fondo.png","contentUrl":"https:\/\/arquivigo.com\/wp-content\/uploads\/2020\/09\/logo-400-sin-fondo.png","width":400,"height":93,"caption":"Arquivigo"},"image":{"@id":"https:\/\/arquivigo.com\/#\/schema\/logo\/image\/"},"sameAs":["https:\/\/www.facebook.com\/people\/Jos\u00e9-Ramilo-Arquitectura-e-Ingenier\u00eda\/100049613451848\/","https:\/\/x.com\/jramiloAT","https:\/\/www.instagram.com\/arquivigo\/","https:\/\/www.linkedin.com\/in\/jos\u00e9-ramilo-hermida-b8802525\/"]}]}},"_links":{"self":[{"href":"https:\/\/arquivigo.com\/index.php\/wp-json\/wp\/v2\/pages\/7","targetHints":{"allow":["GET"]}}],"collection":[{"href":"https:\/\/arquivigo.com\/index.php\/wp-json\/wp\/v2\/pages"}],"about":[{"href":"https:\/\/arquivigo.com\/index.php\/wp-json\/wp\/v2\/types\/page"}],"author":[{"embeddable":true,"href":"https:\/\/arquivigo.com\/index.php\/wp-json\/wp\/v2\/users\/1"}],"replies":[{"embeddable":true,"href":"https:\/\/arquivigo.com\/index.php\/wp-json\/wp\/v2\/comments?post=7"}],"version-history":[{"count":3,"href":"https:\/\/arquivigo.com\/index.php\/wp-json\/wp\/v2\/pages\/7\/revisions"}],"predecessor-version":[{"id":1304,"href":"https:\/\/arquivigo.com\/index.php\/wp-json\/wp\/v2\/pages\/7\/revisions\/1304"}],"wp:attachment":[{"href":"https:\/\/arquivigo.com\/index.php\/wp-json\/wp\/v2\/media?parent=7"}],"curies":[{"name":"wp","href":"https:\/\/api.w.org\/{rel}","templated":true}]}}